{"id":7447,"date":"2024-08-14T15:06:37","date_gmt":"2024-08-14T21:06:37","guid":{"rendered":"https:\/\/www.vamexico.com\/jb2\/?page_id=7447"},"modified":"2024-09-13T13:02:16","modified_gmt":"2024-09-13T19:02:16","slug":"articulos-de-divulgacion","status":"publish","type":"page","link":"https:\/\/www.vamexico.com\/jb2\/articulos-de-divulgacion\/","title":{"rendered":"Art\u00edculos de Divulgaci\u00f3n"},"content":{"rendered":"<p>[vc_row full_width=&#8221;stretch_row&#8221; gap=&#8221;30&#8243; content_placement=&#8221;middle&#8221; m_bottom=&#8221;0&#8243; css=&#8221;.vc_custom_1724196116479{padding-top: 80px !important;padding-bottom: 60px !important;background-image: url(https:\/\/www.vamexico.com\/jb2\/wp-content\/uploads\/2024\/08\/bg-01.jpg?id=7089) !important;}&#8221;]\n\t<div class=\"vc_col-sm-12 wpb_column vc_column_container \"  data-wow-delay=\"0ms\" data-wow-iteration=\"1\" >\n\t\t<div class=\"wpb_wrapper\">\n\t\t\t[vc_row_inner gap=&#8221;35&#8243; css=&#8221;.vc_custom_1723669243604{margin-bottom: 40px !important;padding-top: 0px !important;padding-right: 40px !important;padding-bottom: 10px !important;padding-left: 40px !important;}&#8221;]\n\t<div class=\"vc_col-sm-3 wpb_column vc_column_container \"  data-wow-delay=\"0ms\">\n\t\t<div class=\"wpb_wrapper\">\n\t\t\t[ivan_button link=&#8221;https:\/\/www.vamexico.com\/jb2\/libros\/&#8221; size=&#8221;x-large&#8221; border_r=&#8221;square&#8221; display=&#8221;btn-block&#8221; align=&#8221;to-center&#8221; animation=&#8221;fadeInUp&#8221; animation_iteration=&#8221;1&#8243; c_id=&#8221;.vc_1724196440538&#8243; btn_css=&#8221;color:#000000;width:100%;color-hover:#ffffff;background-color:#ffffff;background-color-hover:#80952b;border-top-left-radius:0px;border-top-right-radius:0px;border-bottom-left-radius:0px;border-bottom-right-radius:0px;border-top-width:0px;border-bottom-width:0px;border-left-width:0px;border-right-width:0px;&#8221; el_class=&#8221;sombra-fichas&#8221;]LIBROS DEL JARD\u00cdN BOT\u00c1NICO[\/ivan_button]\n\t\t<\/div> <!-- END .wpb_wrapper -->\n\t<\/div> <!-- END  wpb_column vc_column_container  -->\n\n\t<div class=\"vc_col-sm-3 wpb_column vc_column_container \"  data-wow-delay=\"0ms\">\n\t\t<div class=\"wpb_wrapper\">\n\t\t\t[ivan_button link=&#8221;https:\/\/www.vamexico.com\/jb2\/cuadernillos\/&#8221; size=&#8221;x-large&#8221; border_r=&#8221;square&#8221; display=&#8221;btn-block&#8221; align=&#8221;to-center&#8221; animation_iteration=&#8221;1&#8243; c_id=&#8221;.vc_1724196453058&#8243; btn_css=&#8221;color:#000000;width:100%;color-hover:#ffffff;background-color:#ffffff;background-color-hover:#809b2b;border-top-left-radius:0px;border-top-right-radius:0px;border-bottom-left-radius:0px;border-bottom-right-radius:0px;border-top-width:0px;border-bottom-width:0px;border-left-width:0px;border-right-width:0px;&#8221; el_class=&#8221;sombra-fichas&#8221;]CUADERNILLOS DEL JBRC[\/ivan_button]\n\t\t<\/div> <!-- END .wpb_wrapper -->\n\t<\/div> <!-- END  wpb_column vc_column_container  -->\n\n\t<div class=\"vc_col-sm-3 wpb_column vc_column_container \"  data-wow-delay=\"0ms\">\n\t\t<div class=\"wpb_wrapper\">\n\t\t\t[ivan_button link=&#8221;https:\/\/www.vamexico.com\/jb2\/articulos-de-divulgacion\/&#8221; size=&#8221;x-large&#8221; border_r=&#8221;square&#8221; display=&#8221;btn-block&#8221; align=&#8221;to-center&#8221; animation_iteration=&#8221;1&#8243; c_id=&#8221;.vc_1724196466062&#8243; btn_css=&#8221;color:#ffffff;width:100%;color-hover:#ffffff;background-color:#80952b;background-color-hover:#4e681c;border-top-left-radius:0px;border-top-right-radius:0px;border-bottom-left-radius:0px;border-bottom-right-radius:0px;border-top-width:0px;border-bottom-width:0px;border-left-width:0px;border-right-width:0px;&#8221; el_class=&#8221;sombra-fichas&#8221;]ART\u00cdCULOS DE DIVULGACI\u00d3N[\/ivan_button]\n\t\t<\/div> <!-- END .wpb_wrapper -->\n\t<\/div> <!-- END  wpb_column vc_column_container  -->\n\n\t<div class=\"vc_col-sm-3 wpb_column vc_column_container \"  data-wow-delay=\"0ms\">\n\t\t<div class=\"wpb_wrapper\">\n\t\t\t[ivan_button link=&#8221;https:\/\/www.vamexico.com\/jb2\/tesis-en-el-jardin-botanico\/&#8221; size=&#8221;x-large&#8221; border_r=&#8221;square&#8221; display=&#8221;btn-block&#8221; align=&#8221;to-center&#8221; animation_iteration=&#8221;1&#8243; c_id=&#8221;.vc_1724196480450&#8243; btn_css=&#8221;color:#000000;width:100%;color-hover:#ffffff;background-color:#ffffff;background-color-hover:#809b2b;border-top-left-radius:0px;border-top-right-radius:0px;border-bottom-left-radius:0px;border-bottom-right-radius:0px;border-top-width:0px;border-bottom-width:0px;border-left-width:0px;border-right-width:0px;&#8221; el_class=&#8221;sombra-fichas&#8221;]TESIS EN EL JARD\u00cdN BOT\u00c1NICO[\/ivan_button]\n\t\t<\/div> <!-- END .wpb_wrapper -->\n\t<\/div> <!-- END  wpb_column vc_column_container  -->\n[\/vc_row_inner][vc_row_inner css=&#8221;.vc_custom_1723664700082{margin-bottom: 40px !important;padding-top: 40px !important;padding-right: 40px !important;padding-bottom: 10px !important;padding-left: 40px !important;background-color: #ffffff !important;}&#8221; el_class=&#8221;sombra-fichas&#8221;]\n\t<div class=\"vc_col-sm-12 wpb_column vc_column_container \"  data-wow-delay=\"0ms\">\n\t\t<div class=\"wpb_wrapper\">\n\t\t\t[vc_column_text]<\/p>\n<table class=\"tg\" style=\"height: 2204px;\" width=\"100%\">\n<thead>\n<tr>\n<th class=\"tg-rfs\">T\u00cdTULO DE PUBLICACI\u00d3N<\/th>\n<th class=\"tg-rfs\">A\u00d1O<\/th>\n<th class=\"tg-rfs\" style=\"text-align: center;\">LEER<\/th>\n<\/tr>\n<\/thead>\n<tbody>\n<tr style=\"background: #f9f9f9;\">\n<td class=\"tg-0pky\">&#8220;Ex-Tinciones\u2026 Haiku&#8221;, an instant of communion with a threatened species.<\/td>\n<td class=\"tg-0pky\">2024<\/td>\n<td class=\"tg-0pky\"><a href=\"https:\/\/issuu.com\/jbotanico-concyteq\/docs\/2024_ex-tinciones_haiku_an_instant_of_communion_w?fr=sZTQ4Mzc2NDM5MTg\" target=\"_blank\" rel=\"noopener\"><button class=\"boton-tabla\">LEER<\/button><\/a><\/td>\n<\/tr>\n<tr>\n<td class=\"tg-0pky\"><em>Echinocereus schmollii,<\/em> un s\u00edmbolo cadereytense que se niega a desaparecer.<\/td>\n<td class=\"tg-0pky\">2024<\/td>\n<td class=\"tg-0pky\"><a href=\"https:\/\/issuu.com\/jbotanico-concyteq\/docs\/2024_echinocereus_schmollii_un_si_mbolo_cadereyten?fr=sNGQ2NTc2NDM5MTg\" target=\"_blank\" rel=\"noopener\"><button class=\"boton-tabla\">LEER<\/button><\/a><\/td>\n<\/tr>\n<tr style=\"background: #f9f9f9;\">\n<td class=\"tg-0lax\">Bot\u00e1nica Estrat\u00e9gica<\/td>\n<td class=\"tg-0lax\">2023<\/td>\n<td class=\"tg-0lax\"><a href=\"#\" target=\"_blank\" rel=\"noopener\"><button class=\"boton-tabla\">LEER<\/button><\/a><\/td>\n<\/tr>\n<tr>\n<td class=\"tg-0lax\">M\u00e9xico Megadiverso Visto a trav\u00e9s de sus Jardines y sus Protagonistas<\/td>\n<td class=\"tg-0lax\">2023<\/td>\n<td class=\"tg-0lax\"><a href=\"#\" target=\"_blank\" rel=\"noopener\"><button class=\"boton-tabla\">LEER<\/button><\/a><\/td>\n<\/tr>\n<tr style=\"background: #f9f9f9;\">\n<td class=\"tg-0lax\">Making a difference: the small but meaningful Cadereyta Regional Botanic Garden.<\/td>\n<td class=\"tg-0lax\">2023<\/td>\n<td class=\"tg-0lax\"><a href=\"https:\/\/issuu.com\/jbotanico-concyteq\/docs\/2023_making_a_difference_the_small_but_meaningful_?fr=sMWQ2YTc2NDM5MTg\" target=\"_blank\" rel=\"noopener\"><button class=\"boton-tabla\">LEER<\/button><\/a><\/td>\n<\/tr>\n<tr>\n<td class=\"tg-0lax\">Perspectiva sobre los incendios forestales en el semidesierto Queretano-Hidalguense, M\u00e9xico.<\/td>\n<td class=\"tg-0lax\">2023<\/td>\n<td class=\"tg-0lax\"><a href=\"https:\/\/issuu.com\/jbotanico-concyteq\/docs\/2023_perspectiva_sobre_los_incendios_forestales_en?fr=sMDJlNjc2NDM5MTg\" target=\"_blank\" rel=\"noopener\"><button class=\"boton-tabla\">LEER<\/button><\/a><\/td>\n<\/tr>\n<tr style=\"background: #f9f9f9;\">\n<td class=\"tg-0lax\">Ponderaci\u00f3n preliminar del valor farmacol\u00f3gico y qu\u00edmico de la flora queretana<\/td>\n<td class=\"tg-0lax\">2021<\/td>\n<td class=\"tg-0lax\"><a href=\"https:\/\/issuu.com\/jbotanico-concyteq\/docs\/2021_ponderacio_n_preliminar_del_valor_farmacolo_gic?fr=sYTEzYjc2NDM5MTg\" target=\"_blank\" rel=\"noopener\"><button class=\"boton-tabla\">LEER<\/button><\/a><\/td>\n<\/tr>\n<tr>\n<td class=\"tg-0lax\">Etnobot\u00e1nica de la flora cactol\u00f3gica queretana, simiente para la mejora integral del medio rural.<\/td>\n<td class=\"tg-0lax\">2020<\/td>\n<td class=\"tg-0lax\"><a href=\"https:\/\/issuu.com\/jbotanico-concyteq\/docs\/2020_etnobota_nica_de_la_flora_cactolo_gica_queretan?fr=sOGNmZTc2NDM5MTg\" target=\"_blank\" rel=\"noopener\"><button class=\"boton-tabla\">LEER<\/button><\/a><\/td>\n<\/tr>\n<tr style=\"background: #f9f9f9;\">\n<td class=\"tg-0lax\">A code of conduct to promote benefit-sharing and plant conservation<\/td>\n<td class=\"tg-0lax\">2019<\/td>\n<td class=\"tg-0lax\"><a href=\"https:\/\/issuu.com\/jbotanico-concyteq\/docs\/2019_a_code_of_conduct_to_promote_benefit-sharing_?fr=sMmUwNzc2NDM5MTg\" target=\"_blank\" rel=\"noopener\"><button class=\"boton-tabla\">LEER<\/button><\/a><\/td>\n<\/tr>\n<tr>\n<td class=\"tg-0lax\">Citizen science: an endeavour with purpose at the botanic garden<\/td>\n<td class=\"tg-0lax\">2019<\/td>\n<td class=\"tg-0lax\"><a href=\"https:\/\/issuu.com\/jbotanico-concyteq\/docs\/2019_citizen_science_an_endeavour_with_purpose_at_?fr=sYzBmNDc2NDM5MTg\" target=\"_blank\" rel=\"noopener\"><button class=\"boton-tabla\">LEER<\/button><\/a><\/td>\n<\/tr>\n<tr style=\"background: #f9f9f9;\">\n<td class=\"tg-0lax\">Factores ecol\u00f3gicos asociados al establecimiento de Dasylirion acrotrichum (Schiede) Zucc. (Nolinaceae) en una poblaci\u00f3n de Cadereyta de Montes, Quer\u00e9taro, M\u00e9xico.<\/td>\n<td class=\"tg-0lax\">2018<\/td>\n<td class=\"tg-0lax\"><a href=\"https:\/\/issuu.com\/jbotanico-concyteq\/docs\/2018_factores_ecolo_gicos_asociados_al_establecimie?fr=sZWRhYjc2NDM5MTg\" target=\"_blank\" rel=\"noopener\"><button class=\"boton-tabla\">LEER<\/button><\/a><\/td>\n<\/tr>\n<tr>\n<td class=\"tg-0lax\">Seed development and germination of <em>Strombocactus<\/em> species (Cactaceae): A comparative morphological and anatomical study<\/td>\n<td class=\"tg-0lax\">2018<\/td>\n<td class=\"tg-0lax\"><a href=\"https:\/\/issuu.com\/jbotanico-concyteq\/docs\/2018_seed_development_and_germination_of_stromboca?fr=sYWFlZTc2NDM5MTg\" target=\"_blank\" rel=\"noopener\"><button class=\"boton-tabla\">LEER<\/button><\/a><\/td>\n<\/tr>\n<tr style=\"background: #f9f9f9;\">\n<td class=\"tg-0lax\">\u00c1rboles nativos del estado de Quer\u00e9taro con potencial ornamental: cat\u00e1logo b\u00e1sico y formas de propagaci\u00f3n.<\/td>\n<td class=\"tg-0lax\">2017<\/td>\n<td class=\"tg-0lax\"><a href=\"#\" target=\"_blank\" rel=\"noopener\"><button class=\"boton-tabla\">LEER<\/button><\/a><\/td>\n<\/tr>\n<tr>\n<td class=\"tg-0lax\">Agave garcia-mendozae Galv\u00e1n &amp; L. Hern.<\/td>\n<td class=\"tg-0lax\">2017<\/td>\n<td class=\"tg-0lax\"><a href=\"https:\/\/issuu.com\/jbotanico-concyteq\/docs\/2018_seed_development_and_germination_of_stromboca?fr=sYWFlZTc2NDM5MTg\" target=\"_blank\" rel=\"noopener\"><button class=\"boton-tabla\">LEER<\/button><\/a><\/td>\n<\/tr>\n<tr style=\"background: #f9f9f9;\">\n<td class=\"tg-0lax\">Diversidad y estado de conservaci\u00f3n de las especies del g\u00e9nero <em>Quercus<\/em> (Fagaceae) en Quer\u00e9taro<\/td>\n<td class=\"tg-0lax\">2017<\/td>\n<td class=\"tg-0lax\"><a href=\"https:\/\/issuu.com\/jbotanico-concyteq\/docs\/2017_diversidad_y_estado_de_conservacio_n_de_las_es?fr=sYjg4Mzc2NDM5MTg\" target=\"_blank\" rel=\"noopener\"><button class=\"boton-tabla\">LEER<\/button><\/a><\/td>\n<\/tr>\n<tr>\n<td class=\"tg-0lax\">Una visita del Missouri Garden<\/td>\n<td class=\"tg-0lax\">2017<\/td>\n<td class=\"tg-0lax\"><a href=\"#\" target=\"_blank\" rel=\"noopener\"><button class=\"boton-tabla\">LEER<\/button><\/a><\/td>\n<\/tr>\n<tr style=\"background: #f9f9f9;\">\n<td class=\"tg-0lax\">C\u00f3digo de Conducta para el Acceso y Uso de la Biodiversidad Vegetal en los que participen los Jardines Bot\u00e1nicos de M\u00e9xico.<\/td>\n<td class=\"tg-0lax\">2016<\/td>\n<td class=\"tg-0lax\"><a href=\"#\" target=\"_blank\" rel=\"noopener\"><button class=\"boton-tabla\">LEER<\/button><\/a><\/td>\n<\/tr>\n<tr>\n<td class=\"tg-0lax\">Biolog\u00eda floral de <em>Echinocereus schmollii<\/em> (Weing.) N.P.Taylor, especie end\u00e9mica de Cadereyta de Montes, Quer\u00e9taro, M\u00e9xico<\/td>\n<td class=\"tg-0lax\">2016<\/td>\n<td class=\"tg-0lax\"><a href=\"https:\/\/issuu.com\/jbotanico-concyteq\/docs\/2016_biologi_a_floral_de_echinocereus_schmollii?fr=sZTk3MTc2NDM5MTg\" target=\"_blank\" rel=\"noopener\"><button class=\"boton-tabla\">LEER<\/button><\/a><\/td>\n<\/tr>\n<tr style=\"background: #f9f9f9;\">\n<td class=\"tg-0lax\">El Jard\u00edn Bot\u00e1nico Regional de Cadereyta: Un espacio visual y contextual para la flora de Quer\u00e9taro<\/td>\n<td class=\"tg-0lax\">2015<\/td>\n<td class=\"tg-0lax\"><a href=\"#\" target=\"_blank\" rel=\"noopener\"><button class=\"boton-tabla\">LEER<\/button><\/a><\/td>\n<\/tr>\n<tr>\n<td class=\"tg-0lax\">Lo que no sab\u00edas acerca del paixtle <em>(Tillandsia recurvata)<\/em><\/td>\n<td class=\"tg-0lax\">2014<\/td>\n<td class=\"tg-0lax\"><a href=\"#\" target=\"_blank\" rel=\"noopener\"><button class=\"boton-tabla\">LEER<\/button><\/a><\/td>\n<\/tr>\n<tr style=\"background: #f9f9f9;\">\n<td class=\"tg-0lax\">Voces y tornavoces en relaci\u00f3n a la conservaci\u00f3n de las Cact\u00e1ceas de M\u00e9xico: una experiencia de 25 a\u00f1os en el estado de Quer\u00e9taro.<\/td>\n<td class=\"tg-0lax\">2014<\/td>\n<td class=\"tg-0lax\"><a href=\"#\" target=\"_blank\" rel=\"noopener\"><button class=\"boton-tabla\">LEER<\/button><\/a><\/td>\n<\/tr>\n<tr>\n<td class=\"tg-0lax\">Consideraciones taxon\u00f3micas de <em>Yucca queretaroensis<\/em> Pi\u00f1a (Agavaceae), una especie end\u00e9mica del Semidesierto Queretano-Hidalguense.<\/td>\n<td class=\"tg-0lax\">2014<\/td>\n<td class=\"tg-0lax\"><a href=\"https:\/\/issuu.com\/jbotanico-concyteq\/docs\/2014_consideraciones_taxono_micas_de_yucca_queretar?fr=sMGYyODc2NDM5MTg\" target=\"_blank\" rel=\"noopener\"><button class=\"boton-tabla\">LEER<\/button><\/a><\/td>\n<\/tr>\n<tr style=\"background: #f9f9f9;\">\n<td class=\"tg-0lax\">Estrategias para la restauraci\u00f3n con un enfoque agroforestal de \u00e1reas degradadas circunscritas por zonas urbanas en la regi\u00f3n semi\u00e1rida de Quer\u00e9taro.<\/td>\n<td class=\"tg-0lax\">2014<\/td>\n<td class=\"tg-0lax\"><a href=\"https:\/\/issuu.com\/jbotanico-concyteq\/docs\/2014_estrategias_para_la_restauracio_n_con_un_enfoq?fr=sNjUyMDc2NDM5MTg\" target=\"_blank\" rel=\"noopener\"><button class=\"boton-tabla\">LEER<\/button><\/a><\/td>\n<\/tr>\n<tr>\n<td class=\"tg-0lax\">Las Aves del Jard\u00edn Bot\u00e1nico Regional de Cadereyta: Una Presencia Interpretada<\/td>\n<td class=\"tg-0lax\">2013<\/td>\n<td class=\"tg-0lax\"><a href=\"#\" target=\"_blank\" rel=\"noopener\"><button class=\"boton-tabla\">LEER<\/button><\/a><\/td>\n<\/tr>\n<tr style=\"background: #f9f9f9;\">\n<td class=\"tg-0lax\">Praxis m\u00e9dica vegetal. Desarrollo de una pr\u00f3tesis para <em>Neobuxbaumia polylopha<\/em> (DC.) Backeb. (Cactaceae) afectada por secuelas de la necrosis producida por <em>Pseudomonas corrugata<\/em> Roberts &amp; Scarlett<\/td>\n<td class=\"tg-0lax\">2013<\/td>\n<td class=\"tg-0lax\"><a href=\"https:\/\/issuu.com\/jbotanico-concyteq\/docs\/2013_praxis_me_dica_vegetal._desarrollo_de_una_pro_t?fr=sMzY0YTc2NDM5MTg\" target=\"_blank\" rel=\"noopener\"><button class=\"boton-tabla\">LEER<\/button><\/a><\/td>\n<\/tr>\n<tr>\n<td class=\"tg-0lax\">Rareza y belleza del estoquillo, una especie de <em>Yucca<\/em> end\u00e9mica del semidesierto queretano-hidalguense.<\/td>\n<td class=\"tg-0lax\">2013<\/td>\n<td class=\"tg-0lax\"><a href=\"https:\/\/issuu.com\/jbotanico-concyteq\/docs\/2013_rareza_y_belleza_del_estoquillo?fr=sNTM0Njc2NDM5MTg\" target=\"_blank\" rel=\"noopener\"><button class=\"boton-tabla\">LEER<\/button><\/a><\/td>\n<\/tr>\n<tr style=\"background: #f9f9f9;\">\n<td class=\"tg-0lax\">In situ analysis of the current conservation status of <em>Mammillaria herrerae<\/em> Werderm. in the southern Chihuahuan Desert.<\/td>\n<td class=\"tg-0lax\">2012<\/td>\n<td class=\"tg-0lax\"><a href=\"https:\/\/issuu.com\/jbotanico-concyteq\/docs\/2012_in_situ_analysis_of_the_current_conservation_?fr=sMmYxMzc2NDM5MTg\" target=\"_blank\" rel=\"noopener\"><button class=\"boton-tabla\">LEER<\/button><\/a><\/td>\n<\/tr>\n<tr>\n<td class=\"tg-0lax\">La primera ley moderna para la protecci\u00f3n de las Cactaceae de M\u00e9xico<\/td>\n<td class=\"tg-0lax\">2012<\/td>\n<td class=\"tg-0lax\"><a href=\"https:\/\/issuu.com\/jbotanico-concyteq\/docs\/2012_la_primera_ley_moderna_para_la_proteccio_n_de_?fr=sYzk2Mjc2NDM5MTg\" target=\"_blank\" rel=\"noopener\"><button class=\"boton-tabla\">LEER<\/button><\/a><\/td>\n<\/tr>\n<tr style=\"background: #f9f9f9;\">\n<td class=\"tg-0lax\">Naturaleza eres y en naturaleza te convertir\u00e1s<\/td>\n<td class=\"tg-0lax\">2012<\/td>\n<td class=\"tg-0lax\"><a href=\"https:\/\/issuu.com\/jbotanico-concyteq\/docs\/2012_naturaleza_eres_y_en_naturaleza_te_convertira_?fr=sMjZhNzc2NDM5MTg\" target=\"_blank\" rel=\"noopener\"><button class=\"boton-tabla\">LEER<\/button><\/a><\/td>\n<\/tr>\n<tr>\n<td class=\"tg-0lax\">T\u00e9cnicas para la propagaci\u00f3n de especies nativas clave para la forestaci\u00f3n, la reforestaci\u00f3n y la restauraci\u00f3n en el municipio de Quer\u00e9taro y su \u00e1rea de influencia.<\/td>\n<td class=\"tg-0lax\">2011<\/td>\n<td class=\"tg-0lax\"><a href=\"#\" target=\"_blank\" rel=\"noopener\"><button class=\"boton-tabla\">LEER<\/button><\/a><\/td>\n<\/tr>\n<tr style=\"background: #f9f9f9;\">\n<td class=\"tg-0lax\">La protecci\u00f3n de los recursos naturales en la comunidad de El Arbolito: \u00edncipit de un proceso de gobernanza ambiental para el Semidesierto Queretano.<\/td>\n<td class=\"tg-0lax\">2011<\/td>\n<td class=\"tg-0lax\"><a href=\"#\" target=\"_blank\" rel=\"noopener\"><button class=\"boton-tabla\">LEER<\/button><\/a><\/td>\n<\/tr>\n<tr>\n<td class=\"tg-0lax\">Detecci\u00f3n autom\u00e1tica de la apertura y el cierre de flores de <em>Mammillaria mathildae<\/em> Kraehenb. &amp; Krainz<\/td>\n<td class=\"tg-0lax\">2010<\/td>\n<td class=\"tg-0lax\"><a href=\"https:\/\/issuu.com\/jbotanico-concyteq\/docs\/2010_deteccio_n_automa_tica_de_la_apertura_y_el_cier?fr=sOTA4ZTc2NDM5MTg\" target=\"_blank\" rel=\"noopener\"><button class=\"boton-tabla\">LEER<\/button><\/a><\/td>\n<\/tr>\n<tr style=\"background: #f9f9f9;\">\n<td class=\"tg-0lax\">Ausencia de flora<\/td>\n<td class=\"tg-0lax\">2007<\/td>\n<td class=\"tg-0lax\"><a href=\"#\" target=\"_blank\" rel=\"noopener\"><button class=\"boton-tabla\">LEER<\/button><\/a><\/td>\n<\/tr>\n<tr>\n<td class=\"tg-0lax\">Desaparici\u00f3n del Bosque Seco en El Baj\u00edo mexicano: implicaciones del ensamblaje de especies y grupos funcionales en la din\u00e1mica de una vegetaci\u00f3n amenazada.<\/td>\n<td class=\"tg-0lax\">2007<\/td>\n<td class=\"tg-0lax\"><a href=\"https:\/\/issuu.com\/jbotanico-concyteq\/docs\/2007_desaparicio_n_del_bosque_seco_480e57e94fb6a5?fr=sMGNiNzc2NDM5MTg\" target=\"_blank\" rel=\"noopener\"><button class=\"boton-tabla\">LEER<\/button><\/a><\/td>\n<\/tr>\n<tr style=\"background: #f9f9f9;\">\n<td class=\"tg-0lax\">Diversidad y estrategias para la conservaci\u00f3n de cact\u00e1ceas en el Semidesierto Queretano.<\/td>\n<td class=\"tg-0lax\">2007<\/td>\n<td class=\"tg-0lax\"><a href=\"https:\/\/issuu.com\/jbotanico-concyteq\/docs\/2007_diversidad_y_estrategias_para_la_conservacio_n?fr=sY2Q3Yjc2NDM5MTg\" target=\"_blank\" rel=\"noopener\"><button class=\"boton-tabla\">LEER<\/button><\/a><\/td>\n<\/tr>\n<tr>\n<td class=\"tg-0lax\">Documentaci\u00f3n de factores de amenaza para la flora cactol\u00f3gica del Semidesierto Queretano.<\/td>\n<td class=\"tg-0lax\">2007<\/td>\n<td class=\"tg-0lax\"><a href=\"https:\/\/issuu.com\/jbotanico-concyteq\/docs\/2007_documentacio_n_de_factores_de_amenaza_para_la_?fr=sOGI3MTc2NDM5MTg\" target=\"_blank\" rel=\"noopener\"><button class=\"boton-tabla\">LEER<\/button><\/a><\/td>\n<\/tr>\n<tr style=\"background: #f9f9f9;\">\n<td class=\"tg-0lax\">Factores de riesgo en las Cactaceae amenazadas en una regi\u00f3n semi\u00e1rida en el sur del Desierto Chihuahuense, M\u00e9xico<\/td>\n<td class=\"tg-0lax\">2007<\/td>\n<td class=\"tg-0lax\"><a href=\"https:\/\/issuu.com\/jbotanico-concyteq\/docs\/2007_factores_de_riesgo_en_las_cactaceae_amenazada?fr=sZDAzMzc2NDM5MTg\" target=\"_blank\" rel=\"noopener\"><button class=\"boton-tabla\">LEER<\/button><\/a><\/td>\n<\/tr>\n<tr>\n<td class=\"tg-0lax\">Las Tres Erres que t\u00fa Eres &#8211; Conservaci\u00f3n de Cact\u00e1ceas Amenazadas con la Participaci\u00f3n de las Comunidades Locales<\/td>\n<td class=\"tg-0lax\">2006<\/td>\n<td class=\"tg-0lax\"><a href=\"#\" target=\"_blank\" rel=\"noopener\"><button class=\"boton-tabla\">LEER<\/button><\/a><\/td>\n<\/tr>\n<tr style=\"background: #f9f9f9;\">\n<td class=\"tg-0lax\">Especies de Cactaceae prioritarias para la conservaci\u00f3n en la zona \u00e1rida Queretano Hidalguense<\/td>\n<td class=\"tg-0lax\">2006<\/td>\n<td class=\"tg-0lax\"><a href=\"https:\/\/issuu.com\/jbotanico-concyteq\/docs\/2006_efecto_del_disturbio_cro_nico_en_echinocereus_?fr=sMjFlOTc2NDM5MTg\" target=\"_blank\" rel=\"noopener\"><button class=\"boton-tabla\">LEER<\/button><\/a><\/td>\n<\/tr>\n<tr>\n<td class=\"tg-0lax\">Efecto del disturbio cr\u00f3nico en <em>Echinocereus schmollii<\/em> (Weing.) N. P. Taylor, una cact\u00e1cea en peligro de extinci\u00f3n en el Semidesierto Queretano, M\u00e9xico.<\/td>\n<td class=\"tg-0lax\">2006<\/td>\n<td class=\"tg-0lax\"><a href=\"#\" target=\"_blank\" rel=\"noopener\"><button class=\"boton-tabla\">LEER<\/button><\/a><\/td>\n<\/tr>\n<\/tbody>\n<\/table>\n<p>[\/vc_column_text]\n\t\t<\/div> <!-- END .wpb_wrapper -->\n\t<\/div> <!-- END  wpb_column vc_column_container  -->\n[\/vc_row_inner]\n\t\t<\/div> <!-- END .wpb_wrapper -->\n\t<\/div> <!-- END  wpb_column vc_column_container  -->\n[\/vc_row]<\/p>\n","protected":false},"excerpt":{"rendered":"<p>[vc_row full_width=&#8221;stretch_row&#8221; gap=&#8221;30&#8243; content_placement=&#8221;middle&#8221; m_bottom=&#8221;0&#8243; css=&#8221;.vc_custom_1724196116479{padding-top: 80px !important;padding-bottom: 60px !important;background-image: url(https:\/\/www.vamexico.com\/jb2\/wp-content\/uploads\/2024\/08\/bg-01.jpg?id=7089) !important;}&#8221;][\/vc_row]<\/p>\n","protected":false},"author":1,"featured_media":0,"parent":0,"menu_order":0,"comment_status":"closed","ping_status":"closed","template":"","meta":{"_joinchat":[],"footnotes":""},"class_list":["post-7447","page","type-page","status-publish","hentry"],"_links":{"self":[{"href":"https:\/\/www.vamexico.com\/jb2\/wp-json\/wp\/v2\/pages\/7447","targetHints":{"allow":["GET"]}}],"collection":[{"href":"https:\/\/www.vamexico.com\/jb2\/wp-json\/wp\/v2\/pages"}],"about":[{"href":"https:\/\/www.vamexico.com\/jb2\/wp-json\/wp\/v2\/types\/page"}],"author":[{"embeddable":true,"href":"https:\/\/www.vamexico.com\/jb2\/wp-json\/wp\/v2\/users\/1"}],"replies":[{"embeddable":true,"href":"https:\/\/www.vamexico.com\/jb2\/wp-json\/wp\/v2\/comments?post=7447"}],"version-history":[{"count":11,"href":"https:\/\/www.vamexico.com\/jb2\/wp-json\/wp\/v2\/pages\/7447\/revisions"}],"predecessor-version":[{"id":7451,"href":"https:\/\/www.vamexico.com\/jb2\/wp-json\/wp\/v2\/pages\/7447\/revisions\/7451"}],"wp:attachment":[{"href":"https:\/\/www.vamexico.com\/jb2\/wp-json\/wp\/v2\/media?parent=7447"}],"curies":[{"name":"wp","href":"https:\/\/api.w.org\/{rel}","templated":true}]}}