{"id":7699,"date":"2024-08-20T05:43:43","date_gmt":"2024-08-20T11:43:43","guid":{"rendered":"https:\/\/www.vamexico.com\/jb2\/?page_id=7699"},"modified":"2024-09-20T15:47:38","modified_gmt":"2024-09-20T21:47:38","slug":"colecciones-botanicas","status":"publish","type":"page","link":"https:\/\/www.vamexico.com\/jb2\/colecciones-botanicas\/","title":{"rendered":"Colecciones Bot\u00e1nicas"},"content":{"rendered":"<p>[vc_section][vc_row full_width=&#8221;stretch_row_content_no_spaces&#8221; css=&#8221;.vc_custom_1724155416077{background-color: #eaeeef !important;}&#8221;]\n\t<div class=\"vc_col-sm-6 wpb_column vc_column_container  vc_custom_1724155302147\"  data-wow-delay=\"0ms\" data-wow-iteration=\"1\" >\n\t\t<div class=\"wpb_wrapper\">\n\t\t\t[vc_row_inner css=&#8221;.vc_custom_1724155261088{margin-top: 100px !important;}&#8221;]\n\t<div class=\"vc_col-sm-2 wpb_column vc_column_container \"  data-wow-delay=\"0ms\">\n\t\t<div class=\"wpb_wrapper\">\n\t\t\t\n\t\t<\/div> <!-- END .wpb_wrapper -->\n\t<\/div> <!-- END  wpb_column vc_column_container  -->\n\n\t<div class=\"vc_col-sm-8 wpb_column vc_column_container \"  data-wow-delay=\"0ms\">\n\t\t<div class=\"wpb_wrapper\">\n\t\t\t[vc_column_text css_animation=&#8221;fadeInUp&#8221; c_id=&#8221;.vc_1491415416578&#8243;]<\/p>\n<h1 style=\"color: #80972b; font-size: 60px; line-height: 70px;\">Colecci\u00f3n<br \/>\nBot\u00e1nica<\/h1>\n<p>[\/vc_column_text][vc_column_text css_animation=&#8221;fadeInUp&#8221; c_id=&#8221;.vc_1491415416578&#8243;]<\/p>\n<p style=\"font-size: 18px; color: #808080; font-weight: 400; line-height: 28px;\">La colecci\u00f3n viva constituye la esencia de todo jard\u00edn bot\u00e1nico, su valor cient\u00edfico depende del grado de organizaci\u00f3n y documentaci\u00f3n con que se integren, as\u00ed como de su especificidad y de la calidad interpretativa que proyecten.<\/p>\n<p>[\/vc_column_text]\n\t\t<\/div> <!-- END .wpb_wrapper -->\n\t<\/div> <!-- END  wpb_column vc_column_container  -->\n\n\t<div class=\"vc_col-sm-2 wpb_column vc_column_container \"  data-wow-delay=\"0ms\">\n\t\t<div class=\"wpb_wrapper\">\n\t\t\t\n\t\t<\/div> <!-- END .wpb_wrapper -->\n\t<\/div> <!-- END  wpb_column vc_column_container  -->\n[\/vc_row_inner]\n\t\t<\/div> <!-- END .wpb_wrapper -->\n\t<\/div> <!-- END  wpb_column vc_column_container  -->\n\n\t<div class=\"vc_col-sm-6 wpb_column vc_column_container \"  data-wow-delay=\"0ms\">\n\t\t<div class=\"wpb_wrapper\">\n\t\t\t[ivan_promo_box animation=&#8221;fadeInUp&#8221; animation_iteration=&#8221;1&#8243; c_id=&#8221;.vc_1726868617389&#8243; css=&#8221;.vc_custom_1726868617389{padding-top: 240px !important;padding-bottom: 240px !important;background-image: url(https:\/\/www.vamexico.com\/jb2\/wp-content\/uploads\/2024\/08\/jbrc-colecciones-bg.jpg?id=7704) !important;background-position: center !important;background-repeat: no-repeat !important;background-size: cover !important;}&#8221;][\/ivan_promo_box]\n\t\t<\/div> <!-- END .wpb_wrapper -->\n\t<\/div> <!-- END  wpb_column vc_column_container  -->\n[\/vc_row][\/vc_section][vc_row full_width=&#8221;stretch_row&#8221; gap=&#8221;30&#8243; content_placement=&#8221;middle&#8221; m_bottom=&#8221;0&#8243; css=&#8221;.vc_custom_1724155517365{margin-bottom: 0px !important;padding-top: 90px !important;padding-bottom: 0px !important;background-color: #809b2b !important;}&#8221;]\n\t<div class=\"vc_col-sm-12 wpb_column vc_column_container  vc_custom_1724153760423\"  data-wow-delay=\"0ms\" data-wow-iteration=\"1\" >\n\t\t<div class=\"wpb_wrapper\">\n\t\t\t[vc_column_text css_animation=&#8221;fadeInUp&#8221; c_id=&#8221;.vc_1491415416578&#8243; css=&#8221;.vc_custom_1724155558912{margin-bottom: 60px !important;}&#8221;]<\/p>\n<p style=\"font-size: 18px; color: #fff; font-weight: 400; line-height: 28px;\">La colecci\u00f3n de nuestro Jard\u00edn Bot\u00e1nico es de car\u00e1cter regional y documenta especies de plantas del Semidesierto Queretano-Hidalguense, territorio ecol\u00f3gicamente af\u00edn al gran Desierto Chihuahuense, el m\u00e1s extenso de Am\u00e9rica del Norte, con aproximadamente 500,000 km, notable por ser el segundo desierto con mayor diversidad a nivel mundial. Esta porci\u00f3n que est\u00e1 hacia el sur del territorio principal de aqu\u00e9l, se sit\u00faa en el centro de M\u00e9xico, abarcando parte de los estados de Guanajuato, Quer\u00e9taro e Hidalgo.<\/p>\n<p>[\/vc_column_text]\n\t\t<\/div> <!-- END .wpb_wrapper -->\n\t<\/div> <!-- END  wpb_column vc_column_container  -->\n[\/vc_row][vc_row full_width=&#8221;stretch_row&#8221; css=&#8221;.vc_custom_1724159906906{margin-top: 0px !important;margin-bottom: 0px !important;padding-top: 0px !important;padding-bottom: 0px !important;background-color: #809b2b !important;}&#8221;]\n\t<div class=\"vc_col-sm-4 sombra-fichas wpb_column vc_column_container  vc_custom_1724159933315\"  data-wow-delay=\"0ms\" data-wow-iteration=\"1\" >\n\t\t<div class=\"wpb_wrapper\">\n\t\t\t[ivan_promo_box button_link=&#8221;url:https%3A%2F%2Fwww.vamexico.com%2Fjb2%2Ffamilias-botanicas-relevantes-del-semidesierto%2F|title:Familias%20Bot%C3%A1nicas%20%20Relevantes%20del%20Semidesierto&#8221; animation=&#8221;fadeInUp&#8221; animation_iteration=&#8221;1&#8243; c_id=&#8221;.vc_1726868631388&#8243; header_css=&#8221;color:rgba(255,255,255,0.01);&#8221; content_css=&#8221;font-weight:700;color:rgba(255,255,255,0.01);font-size:20px;line-height:40px;&#8221; button_css=&#8221;color-hover:#ffffff;&#8221; css=&#8221;.vc_custom_1726868631388{padding-top: 180px !important;padding-bottom: 180px !important;background: #f06522 url(https:\/\/www.vamexico.com\/jb2\/wp-content\/uploads\/2024\/09\/jbrc-colecciones-01.jpg?id=9290) !important;background-position: center !important;background-repeat: no-repeat !important;background-size: contain !important;}&#8221;][\/ivan_promo_box]\n\t\t<\/div> <!-- END .wpb_wrapper -->\n\t<\/div> <!-- END  sombra-fichas wpb_column vc_column_container  -->\n\n\t<div class=\"vc_col-sm-4 sombra-fichas wpb_column vc_column_container  vc_custom_1724159924309\"  data-wow-delay=\"0ms\" data-wow-iteration=\"1\" >\n\t\t<div class=\"wpb_wrapper\">\n\t\t\t[ivan_promo_box button_link=&#8221;url:https%3A%2F%2Fwww.vamexico.com%2Fjb2%2Fel-semidesierto-queretano-hidalguense%2F|title:El%20Semidesierto%20Queretano%20%E2%80%93%20Hidalguense&#8221; animation=&#8221;fadeInUp&#8221; animation_iteration=&#8221;1&#8243; c_id=&#8221;.vc_1726868639939&#8243; header_css=&#8221;color:rgba(255,255,255,0.01);&#8221; content_css=&#8221;font-weight:700;color:rgba(255,255,255,0.01);font-size:20px;line-height:40px;&#8221; button_css=&#8221;color-hover:#ffffff;&#8221; css=&#8221;.vc_custom_1726868639939{padding-top: 180px !important;padding-bottom: 180px !important;background: #e35774 url(https:\/\/www.vamexico.com\/jb2\/wp-content\/uploads\/2024\/08\/jbrc-colecciones-02.png?id=7759) !important;background-position: center !important;background-repeat: no-repeat !important;background-size: contain !important;}&#8221;][\/ivan_promo_box]\n\t\t<\/div> <!-- END .wpb_wrapper -->\n\t<\/div> <!-- END  sombra-fichas wpb_column vc_column_container  -->\n\n\t<div class=\"vc_col-sm-4 sombra-fichas wpb_column vc_column_container  vc_custom_1724159917067\"  data-wow-delay=\"0ms\" data-wow-iteration=\"1\" >\n\t\t<div class=\"wpb_wrapper\">\n\t\t\t[ivan_promo_box button_link=&#8221;url:https%3A%2F%2Fwww.vamexico.com%2Fjb2%2Fcactaceas_de_queretaro%2F|title:Cact%C3%A1ceas%20de%20Quer%C3%A9taro&#8221; animation=&#8221;fadeInUp&#8221; animation_iteration=&#8221;1&#8243; c_id=&#8221;.vc_1726868802394&#8243; header_css=&#8221;color:rgba(255,255,255,0.01);&#8221; content_css=&#8221;font-weight:700;color:rgba(255,255,255,0.01);font-size:20px;line-height:40px;&#8221; button_css=&#8221;color-hover:#ffffff;&#8221; css=&#8221;.vc_custom_1726868802394{padding-top: 180px !important;padding-bottom: 180px !important;background: #f0ac42 url(https:\/\/www.vamexico.com\/jb2\/wp-content\/uploads\/2024\/08\/jbrc-colecciones-03.png?id=7758) !important;background-position: center !important;background-repeat: no-repeat !important;background-size: contain !important;}&#8221;][\/ivan_promo_box]\n\t\t<\/div> <!-- END .wpb_wrapper -->\n\t<\/div> <!-- END  sombra-fichas wpb_column vc_column_container  -->\n[\/vc_row][vc_row full_width=&#8221;stretch_row&#8221; css=&#8221;.vc_custom_1724159906906{margin-top: 0px !important;margin-bottom: 0px !important;padding-top: 0px !important;padding-bottom: 0px !important;background-color: #809b2b !important;}&#8221;]\n\t<div class=\"vc_col-sm-4 sombra-fichas wpb_column vc_column_container  vc_custom_1724159933315\"  data-wow-delay=\"0ms\" data-wow-iteration=\"1\" >\n\t\t<div class=\"wpb_wrapper\">\n\t\t\t[ivan_promo_box button_link=&#8221;url:https%3A%2F%2Fwww.vamexico.com%2Fjb2%2Fvegetacion-del-valle-de-queretaro%2F|title:Vegetaci%C3%B3n%20del%20Valle%20de%20Quer%C3%A9taro&#8221; animation=&#8221;fadeInUp&#8221; animation_iteration=&#8221;1&#8243; c_id=&#8221;.vc_1726868810809&#8243; header_css=&#8221;color:rgba(255,255,255,0.01);&#8221; content_css=&#8221;font-weight:700;color:rgba(255,255,255,0.01);font-size:20px;line-height:40px;&#8221; button_css=&#8221;color-hover:#ffffff;&#8221; css=&#8221;.vc_custom_1726868810809{padding-top: 180px !important;padding-bottom: 180px !important;background: #b6c740 url(https:\/\/www.vamexico.com\/jb2\/wp-content\/uploads\/2024\/08\/jbrc-colecciones-04.png?id=7757) !important;background-position: center !important;background-repeat: no-repeat !important;background-size: contain !important;}&#8221;][\/ivan_promo_box]\n\t\t<\/div> <!-- END .wpb_wrapper -->\n\t<\/div> <!-- END  sombra-fichas wpb_column vc_column_container  -->\n\n\t<div class=\"vc_col-sm-4 sombra-fichas wpb_column vc_column_container  vc_custom_1724159924309\"  data-wow-delay=\"0ms\" data-wow-iteration=\"1\" >\n\t\t<div class=\"wpb_wrapper\">\n\t\t\t[ivan_promo_box button_link=&#8221;url:https%3A%2F%2Fwww.vamexico.com%2Fjb2%2Fel-genero-mammillaria-en-mexico%2F|title:El%20G%C3%A9nero%20Mammillaria%20en%20M%C3%A9xico&#8221; animation=&#8221;fadeInUp&#8221; animation_iteration=&#8221;1&#8243; c_id=&#8221;.vc_1726868818309&#8243; header_css=&#8221;color:rgba(255,255,255,0.01);&#8221; content_css=&#8221;font-weight:700;color:rgba(255,255,255,0.01);font-size:20px;line-height:40px;&#8221; button_css=&#8221;color-hover:#ffffff;&#8221; css=&#8221;.vc_custom_1726868818309{padding-top: 180px !important;padding-bottom: 180px !important;background: #6d4089 url(https:\/\/www.vamexico.com\/jb2\/wp-content\/uploads\/2024\/08\/jbrc-colecciones-05.png?id=7756) !important;background-position: center !important;background-repeat: no-repeat !important;background-size: contain !important;}&#8221;][\/ivan_promo_box]\n\t\t<\/div> <!-- END .wpb_wrapper -->\n\t<\/div> <!-- END  sombra-fichas wpb_column vc_column_container  -->\n\n\t<div class=\"vc_col-sm-4 sombra-fichas wpb_column vc_column_container  vc_custom_1724159917067\"  data-wow-delay=\"0ms\" data-wow-iteration=\"1\" >\n\t\t<div class=\"wpb_wrapper\">\n\t\t\t[ivan_promo_box button_link=&#8221;url:https%3A%2F%2Fwww.vamexico.com%2Fjb2%2Fagavaceae-de-queretaro%2F|title:Agavaceae%20de%20Quer%C3%A9taro&#8221; animation=&#8221;fadeInUp&#8221; animation_iteration=&#8221;1&#8243; c_id=&#8221;.vc_1726868826894&#8243; header_css=&#8221;color:rgba(255,255,255,0.01);&#8221; content_css=&#8221;font-weight:700;color:rgba(255,255,255,0.01);font-size:20px;line-height:40px;&#8221; button_css=&#8221;color-hover:#ffffff;&#8221; css=&#8221;.vc_custom_1726868826894{padding-top: 180px !important;padding-bottom: 180px !important;background: #00a49a url(https:\/\/www.vamexico.com\/jb2\/wp-content\/uploads\/2024\/08\/jbrc-colecciones-06.png?id=7755) !important;background-position: center !important;background-repeat: no-repeat !important;background-size: contain !important;}&#8221;][\/ivan_promo_box]\n\t\t<\/div> <!-- END .wpb_wrapper -->\n\t<\/div> <!-- END  sombra-fichas wpb_column vc_column_container  -->\n[\/vc_row][vc_row full_width=&#8221;stretch_row&#8221; css=&#8221;.vc_custom_1724160096129{margin-top: 0px !important;margin-bottom: 0px !important;padding-top: 0px !important;padding-bottom: 80px !important;background-color: #809b2b !important;}&#8221;]\n\t<div class=\"vc_col-sm-4 sombra-fichas wpb_column vc_column_container  vc_custom_1724159933315\"  data-wow-delay=\"0ms\" data-wow-iteration=\"1\" >\n\t\t<div class=\"wpb_wrapper\">\n\t\t\t\n\t\t<\/div> <!-- END .wpb_wrapper -->\n\t<\/div> <!-- END  sombra-fichas wpb_column vc_column_container  -->\n\n\t<div class=\"vc_col-sm-4 sombra-fichas wpb_column vc_column_container  vc_custom_1724159924309\"  data-wow-delay=\"0ms\" data-wow-iteration=\"1\" >\n\t\t<div class=\"wpb_wrapper\">\n\t\t\t[ivan_promo_box button_link=&#8221;url:https%3A%2F%2Fwww.vamexico.com%2Fjb2%2Fel-jardin-de-los-colibries-y-la-gente%2F|title:El%20Jard%C3%ADn%20de%20los%20Colibr%C3%ADes%20y%20la%20Gente&#8221; animation=&#8221;fadeInUp&#8221; animation_iteration=&#8221;1&#8243; c_id=&#8221;.vc_1726868835443&#8243; header_css=&#8221;color:rgba(255,255,255,0.01);&#8221; content_css=&#8221;font-weight:700;color:rgba(255,255,255,0.01);font-size:20px;line-height:40px;&#8221; button_css=&#8221;color-hover:#ffffff;&#8221; css=&#8221;.vc_custom_1726868835443{padding-top: 180px !important;padding-bottom: 180px !important;background: #1c75ba url(https:\/\/www.vamexico.com\/jb2\/wp-content\/uploads\/2024\/08\/jbrc-colecciones-07.png?id=7754) !important;background-position: center !important;background-repeat: no-repeat !important;background-size: contain !important;}&#8221;][\/ivan_promo_box]\n\t\t<\/div> <!-- END .wpb_wrapper -->\n\t<\/div> <!-- END  sombra-fichas wpb_column vc_column_container  -->\n\n\t<div class=\"vc_col-sm-4 sombra-fichas wpb_column vc_column_container  vc_custom_1724159917067\"  data-wow-delay=\"0ms\" data-wow-iteration=\"1\" >\n\t\t<div class=\"wpb_wrapper\">\n\t\t\t\n\t\t<\/div> <!-- END .wpb_wrapper -->\n\t<\/div> <!-- END  sombra-fichas wpb_column vc_column_container  -->\n[\/vc_row][vc_row full_width=&#8221;stretch_row&#8221; gap=&#8221;30&#8243; parallax=&#8221;content-moving&#8221; parallax_image=&#8221;7761&#8243; css=&#8221;.vc_custom_1724179188256{padding-top: 160px !important;padding-bottom: 160px !important;}&#8221;]\n\t<div class=\"vc_col-sm-12 wpb_column vc_column_container \"  data-wow-delay=\"0ms\">\n\t\t<div class=\"wpb_wrapper\">\n\t\t\t[ivan_title title_tag=&#8221;h1&#8243; animation=&#8221;fadeInUp&#8221; animation_iteration=&#8221;1&#8243; c_id=&#8221;.vc_1726868844093&#8243; title_css=&#8221;font-weight:700;color:#ffffff;&#8221; subtitle_css=&#8221;font-family:Barlow Semi Condensed;font-weight:700;color:#ffffff;font-size:20px;&#8221; el_class=&#8221;txt-wp&#8221;]La ineludible experiencia de aprendizaje vital, que el Jard\u00edn Bot\u00e1nico Regional de Cadereyta procura participar a todos sus visitantes, empieza aqu\u00ed.[\/ivan_title][vc_empty_space height=&#8221;40px&#8221;][vc_single_image image=&#8221;7147&#8243; img_size=&#8221;full&#8221; alignment=&#8221;center&#8221; css_animation=&#8221;fadeInUp&#8221;]\n\t\t<\/div> <!-- END .wpb_wrapper -->\n\t<\/div> <!-- END  wpb_column vc_column_container  -->\n[\/vc_row]<\/p>\n","protected":false},"excerpt":{"rendered":"<p>[vc_section][vc_row full_width=&#8221;stretch_row_content_no_spaces&#8221; css=&#8221;.vc_custom_1724155416077{background-color: #eaeeef !important;}&#8221;][\/vc_row][\/vc_section][vc_row full_width=&#8221;stretch_row&#8221; gap=&#8221;30&#8243; content_placement=&#8221;middle&#8221; m_bottom=&#8221;0&#8243; css=&#8221;.vc_custom_1724155517365{margin-bottom: 0px !important;padding-top: 90px !important;padding-bottom: 0px !important;background-color: #809b2b !important;}&#8221;][\/vc_row][vc_row full_width=&#8221;stretch_row&#8221; css=&#8221;.vc_custom_1724159906906{margin-top: 0px !important;margin-bottom: 0px !important;padding-top: 0px !important;padding-bottom: 0px !important;background-color: #809b2b !important;}&#8221;][\/vc_row][vc_row full_width=&#8221;stretch_row&#8221; css=&#8221;.vc_custom_1724159906906{margin-top: 0px !important;margin-bottom: 0px !important;padding-top: 0px !important;padding-bottom: 0px !important;background-color: #809b2b !important;}&#8221;][\/vc_row][vc_row full_width=&#8221;stretch_row&#8221; css=&#8221;.vc_custom_1724160096129{margin-top: 0px !important;margin-bottom: 0px !important;padding-top: 0px !important;padding-bottom: 80px !important;background-color: #809b2b !important;}&#8221;][\/vc_row][vc_row full_width=&#8221;stretch_row&#8221; [&hellip;]<\/p>\n","protected":false},"author":1,"featured_media":0,"parent":0,"menu_order":0,"comment_status":"closed","ping_status":"closed","template":"","meta":{"_joinchat":[],"footnotes":""},"class_list":["post-7699","page","type-page","status-publish","hentry"],"_links":{"self":[{"href":"https:\/\/www.vamexico.com\/jb2\/wp-json\/wp\/v2\/pages\/7699","targetHints":{"allow":["GET"]}}],"collection":[{"href":"https:\/\/www.vamexico.com\/jb2\/wp-json\/wp\/v2\/pages"}],"about":[{"href":"https:\/\/www.vamexico.com\/jb2\/wp-json\/wp\/v2\/types\/page"}],"author":[{"embeddable":true,"href":"https:\/\/www.vamexico.com\/jb2\/wp-json\/wp\/v2\/users\/1"}],"replies":[{"embeddable":true,"href":"https:\/\/www.vamexico.com\/jb2\/wp-json\/wp\/v2\/comments?post=7699"}],"version-history":[{"count":10,"href":"https:\/\/www.vamexico.com\/jb2\/wp-json\/wp\/v2\/pages\/7699\/revisions"}],"predecessor-version":[{"id":9548,"href":"https:\/\/www.vamexico.com\/jb2\/wp-json\/wp\/v2\/pages\/7699\/revisions\/9548"}],"wp:attachment":[{"href":"https:\/\/www.vamexico.com\/jb2\/wp-json\/wp\/v2\/media?parent=7699"}],"curies":[{"name":"wp","href":"https:\/\/api.w.org\/{rel}","templated":true}]}}