{"id":7891,"date":"2024-08-20T14:42:01","date_gmt":"2024-08-20T20:42:01","guid":{"rendered":"https:\/\/www.vamexico.com\/jb2\/?page_id=7891"},"modified":"2024-09-11T22:20:13","modified_gmt":"2024-09-12T04:20:13","slug":"fundamento-institucional","status":"publish","type":"page","link":"https:\/\/www.vamexico.com\/jb2\/fundamento-institucional\/","title":{"rendered":"Fundamento Institucional"},"content":{"rendered":"<p>[vc_row full_width=&#8221;stretch_row&#8221; gap=&#8221;30&#8243; content_placement=&#8221;middle&#8221; m_bottom=&#8221;0&#8243; css=&#8221;.vc_custom_1722627577504{padding-top: 60px !important;padding-bottom: 60px !important;background: #4e681c url(https:\/\/www.vamexico.com\/jb2\/wp-content\/uploads\/2024\/08\/bg-03.png?id=7083) !important;}&#8221;]\n\t<div class=\"vc_col-sm-2 wpb_column vc_column_container  vc_custom_1722627509342\"  data-wow-delay=\"0ms\" data-wow-iteration=\"1\" >\n\t\t<div class=\"wpb_wrapper\">\n\t\t\t\n\t\t<\/div> <!-- END .wpb_wrapper -->\n\t<\/div> <!-- END  wpb_column vc_column_container  -->\n\n\t<div class=\"vc_col-sm-8 wpb_column vc_column_container \"  data-wow-delay=\"0ms\">\n\t\t<div class=\"wpb_wrapper\">\n\t\t\t[vc_column_text css_animation=&#8221;fadeInUp&#8221; c_id=&#8221;.vc_1491415416578&#8243;]<\/p>\n<p style=\"font-size: 20px; color: #ffffff; font-weight: 600; line-height: 28px; text-align: center;\">El Jard\u00edn Bot\u00e1nico Regional de Cadereyta aboga por el derecho colectivo a un ambiente sano y al desarrollo integral humano, mediante su pensamiento y acciones que se basan en las siguientes declaraciones organizacionales:<\/p>\n<p>[\/vc_column_text]\n\t\t<\/div> <!-- END .wpb_wrapper -->\n\t<\/div> <!-- END  wpb_column vc_column_container  -->\n\n\t<div class=\"vc_col-sm-2 wpb_column vc_column_container \"  data-wow-delay=\"0ms\">\n\t\t<div class=\"wpb_wrapper\">\n\t\t\t\n\t\t<\/div> <!-- END .wpb_wrapper -->\n\t<\/div> <!-- END  wpb_column vc_column_container  -->\n[\/vc_row][vc_row full_width=&#8221;stretch_row&#8221; gap=&#8221;30&#8243; content_placement=&#8221;middle&#8221; m_bottom=&#8221;0&#8243; css=&#8221;.vc_custom_1724195057774{padding-top: 120px !important;padding-bottom: 60px !important;background-image: url(https:\/\/www.vamexico.com\/jb2\/wp-content\/uploads\/2024\/08\/pattern_02.webp?id=7797) !important;}&#8221;]\n\t<div class=\"vc_col-sm-6 wpb_column vc_column_container \"  data-wow-delay=\"0ms\" data-wow-iteration=\"1\" >\n\t\t<div class=\"wpb_wrapper\">\n\t\t\t[vc_single_image image=&#8221;8849&#8243; img_size=&#8221;full&#8221; css_animation=&#8221;fadeInUp&#8221; css=&#8221;.vc_custom_1725573891221{margin-bottom: 0px !important;}&#8221;]\n\t\t<\/div> <!-- END .wpb_wrapper -->\n\t<\/div> <!-- END  wpb_column vc_column_container  -->\n\n\t<div class=\"vc_col-sm-6 wpb_column vc_column_container \"  data-wow-delay=\"0ms\">\n\t\t<div class=\"wpb_wrapper\">\n\t\t\t[ivan_title title_tag=&#8221;h1&#8243; align=&#8221;left&#8221; animation=&#8221;fadeInUp&#8221; animation_iteration=&#8221;1&#8243; c_id=&#8221;.vc_1722627789217&#8243; title_css=&#8221;color:#809b2b;&#8221; subtitle_css=&#8221;margin-bottom:30px;&#8221;]MISI\u00d3N[\/ivan_title][vc_column_text css_animation=&#8221;fadeInUp&#8221; c_id=&#8221;.vc_1491415416578&#8243;]<\/p>\n<p style=\"font-size: 20px; color: #808080; font-weight: 400; line-height: 28px;\"><strong>Servir al desarrollo estatal<\/strong> mediante la generaci\u00f3n de un mayor conocimiento cient\u00edfico sobre sus recursos vegetales y, en ese sentido, estamos dedicados al <strong>estudio de la regi\u00f3n semides\u00e9rtica queretano-hidalguense,<\/strong> una notable unidad geogr\u00e1fica y flor\u00edstica, importante tanto por su riqueza biol\u00f3gica, como por su elevado n\u00famero de endemismos y especies en riesgo de extinci\u00f3n.<\/p>\n<p>[\/vc_column_text]\n\t\t<\/div> <!-- END .wpb_wrapper -->\n\t<\/div> <!-- END  wpb_column vc_column_container  -->\n[\/vc_row][vc_row full_width=&#8221;stretch_row&#8221; gap=&#8221;30&#8243; content_placement=&#8221;middle&#8221; m_bottom=&#8221;0&#8243; css=&#8221;.vc_custom_1722628153566{padding-top: 120px !important;padding-bottom: 60px !important;background-color: #809b2b !important;}&#8221;]\n\t<div class=\"vc_col-sm-3 wpb_column vc_column_container \"  data-wow-delay=\"0ms\" data-wow-iteration=\"1\" >\n\t\t<div class=\"wpb_wrapper\">\n\t\t\t[vc_single_image image=&#8221;7241&#8243; img_size=&#8221;full&#8221; css_animation=&#8221;fadeInUp&#8221; css=&#8221;.vc_custom_1722627963266{margin-bottom: 0px !important;}&#8221;]\n\t\t<\/div> <!-- END .wpb_wrapper -->\n\t<\/div> <!-- END  wpb_column vc_column_container  -->\n\n\t<div class=\"vc_col-sm-9 wpb_column vc_column_container \"  data-wow-delay=\"0ms\">\n\t\t<div class=\"wpb_wrapper\">\n\t\t\t[ivan_title title_tag=&#8221;h1&#8243; align=&#8221;left&#8221; animation=&#8221;fadeInUp&#8221; animation_iteration=&#8221;1&#8243; c_id=&#8221;.vc_1722628197682&#8243; title_css=&#8221;color:#ffffff;&#8221; subtitle_css=&#8221;margin-bottom:30px;&#8221;]VISI\u00d3N 2030[\/ivan_title][vc_column_text css_animation=&#8221;fadeInUp&#8221; c_id=&#8221;.vc_1491415416578&#8243;]<\/p>\n<p style=\"font-size: 20px; color: #fff; font-weight: 400; line-height: 28px;\"><strong>El Jard\u00edn Bot\u00e1nico Regional de Cadereyta del Consejo de Ciencia y Tecnolog\u00eda del Estado de Quer\u00e9taro<\/strong> ha contribuido a generar conocimiento cient\u00edfico de la flora local y a transmitirlo con efectividad a toda la comunidad, de tal manera que mediante sus acciones propias y las realizadas a trav\u00e9s alianzas estrat\u00e9gicas con otros institutos nacionales e internacionales. <strong>Los recursos vegetales nativos constituyen indudablemente un capital natural<\/strong> que es conservado y aprovechado en beneficio de la amenidad y el bienestar de la gente en cada uno de los 18 municipios de esta entidad federativa.<\/p>\n<p>[\/vc_column_text]\n\t\t<\/div> <!-- END .wpb_wrapper -->\n\t<\/div> <!-- END  wpb_column vc_column_container  -->\n[\/vc_row][vc_row full_width=&#8221;stretch_row_content_no_spaces&#8221; m_bottom=&#8221;0&#8243; css=&#8221;.vc_custom_1724195125230{background-image: url(https:\/\/www.vamexico.com\/jb2\/wp-content\/uploads\/2024\/08\/pattern_02.webp?id=7797) !important;}&#8221;]\n\t<div class=\"vc_col-sm-6 wpb_column vc_column_container  wow animated fadeInUp vc_custom_1617309252692\"  data-wow-delay=\"0ms\" data-wow-iteration=\"1\" >\n\t\t<div class=\"wpb_wrapper\">\n\t\t\t[ivan_promo_box animation_iteration=&#8221;1&#8243; c_id=&#8221;.vc_1726114809770&#8243; header_css=&#8221;font-size:50px;&#8221; css=&#8221;.vc_custom_1726114809770{padding-top: 280px !important;padding-bottom: 390px !important;background: rgba(17,17,17,0.4) url(https:\/\/www.vamexico.com\/jb2\/wp-content\/uploads\/2024\/08\/vision.jpg?id=7246) !important;background-position: center !important;background-repeat: no-repeat !important;background-size: cover !important;*background-color: rgb(17,17,17) !important;}&#8221;][\/ivan_promo_box]\n\t\t<\/div> <!-- END .wpb_wrapper -->\n\t<\/div> <!-- END  wpb_column vc_column_container  wow animated fadeInUp -->\n\n\t<div class=\"vc_col-sm-6 bg2 wpb_column vc_column_container  wow animated fadeInUp vc_custom_1726114690079\"  data-wow-delay=\"100ms\" data-wow-iteration=\"1\" >\n\t\t<div class=\"wpb_wrapper\">\n\t\t\t[ivan_title title_tag=&#8221;h3&#8243; align=&#8221;left&#8221; animation=&#8221;fadeInUp&#8221; animation_iteration=&#8221;1&#8243; c_id=&#8221;.vc_1726114738689&#8243; title_css=&#8221;color:#a0a0a0;&#8221; subtitle_css=&#8221;margin-bottom:30px;&#8221;]VISI\u00d3N 2030 [\/ivan_title][vc_row_inner css=&#8221;.vc_custom_1726114460324{margin-right: 60px !important;}&#8221;]\n\t<div class=\"vc_col-sm-3 wpb_column vc_column_container \"  data-wow-delay=\"0ms\">\n\t\t<div class=\"wpb_wrapper\">\n\t\t\t[vc_single_image image=&#8221;7260&#8243; img_size=&#8221;full&#8221; alignment=&#8221;center&#8221;]\n\t\t<\/div> <!-- END .wpb_wrapper -->\n\t<\/div> <!-- END  wpb_column vc_column_container  -->\n\n\t<div class=\"vc_col-sm-9 wpb_column vc_column_container \"  data-wow-delay=\"0ms\">\n\t\t<div class=\"wpb_wrapper\">\n\t\t\t[vc_column_text css_animation=&#8221;fadeInUp&#8221; c_id=&#8221;.vc_1491415416578&#8243;]<\/p>\n<p style=\"font-size: 16px; color: #808080; font-weight: 400; line-height: 28px;\"><strong>Las amenazas inminentes para la sobrevivencia de las plantas en riesgo de extinci\u00f3n<\/strong> han desaparecido o se tienen bajo control; los procedimientos de restauraci\u00f3n ecol\u00f3gica se instrumentan rutinariamente garantizando la conservaci\u00f3n de los ecosistemas m\u00e1s representativos y se practican en extensi\u00f3n suficiente para <strong>equilibrar los impactos del desarrollo urbano y agr\u00edcola intensivo.<\/strong><\/p>\n<p>[\/vc_column_text]\n\t\t<\/div> <!-- END .wpb_wrapper -->\n\t<\/div> <!-- END  wpb_column vc_column_container  -->\n[\/vc_row_inner][vc_row_inner css=&#8221;.vc_custom_1726114550625{margin-right: 60px !important;}&#8221;]\n\t<div class=\"vc_col-sm-3 wpb_column vc_column_container \"  data-wow-delay=\"0ms\">\n\t\t<div class=\"wpb_wrapper\">\n\t\t\t[vc_single_image image=&#8221;7259&#8243; img_size=&#8221;full&#8221; alignment=&#8221;center&#8221;]\n\t\t<\/div> <!-- END .wpb_wrapper -->\n\t<\/div> <!-- END  wpb_column vc_column_container  -->\n\n\t<div class=\"vc_col-sm-9 wpb_column vc_column_container \"  data-wow-delay=\"0ms\">\n\t\t<div class=\"wpb_wrapper\">\n\t\t\t[vc_column_text css_animation=&#8221;fadeInUp&#8221; c_id=&#8221;.vc_1491415416578&#8243;]<\/p>\n<p style=\"font-size: 16px; color: #808080; font-weight: 400; line-height: 28px;\"><strong>El aprovechamiento de la flora es integral,<\/strong> con una \u00f3ptima diversificaci\u00f3n del uso, siempre a nivel sustentable, insertando los productos de las comunidades en mercados gobernados por los <strong>principios de la justicia ambiental y el reparto justo y equitativo de los bienes de la diversidad biol\u00f3gica.<\/strong><\/p>\n<p>[\/vc_column_text]\n\t\t<\/div> <!-- END .wpb_wrapper -->\n\t<\/div> <!-- END  wpb_column vc_column_container  -->\n[\/vc_row_inner][vc_row_inner css=&#8221;.vc_custom_1726114558605{margin-right: 60px !important;}&#8221;]\n\t<div class=\"vc_col-sm-3 wpb_column vc_column_container \"  data-wow-delay=\"0ms\">\n\t\t<div class=\"wpb_wrapper\">\n\t\t\t[vc_single_image image=&#8221;7484&#8243; img_size=&#8221;full&#8221; alignment=&#8221;center&#8221;]\n\t\t<\/div> <!-- END .wpb_wrapper -->\n\t<\/div> <!-- END  wpb_column vc_column_container  -->\n\n\t<div class=\"vc_col-sm-9 wpb_column vc_column_container \"  data-wow-delay=\"0ms\">\n\t\t<div class=\"wpb_wrapper\">\n\t\t\t[vc_column_text css_animation=&#8221;fadeInUp&#8221; c_id=&#8221;.vc_1491415416578&#8243;]<\/p>\n<p style=\"font-size: 16px; color: #808080; font-weight: 400; line-height: 28px;\"><strong>La educaci\u00f3n ambiental es permanente<\/strong> y ha logrado concienciar a los individuos fortaleciendo normas de valor que reducen el consumismo y maximizan el altruismo, produciendo seres humanos emp\u00e1ticos con sus <strong>cong\u00e9neres y con el resto de las especies,<\/strong> a las cuales custodian en favor de la estabilidad planetaria y para la perpetuaci\u00f3n del patrimonio que la naturaleza representa.<\/p>\n<p>[\/vc_column_text]\n\t\t<\/div> <!-- END .wpb_wrapper -->\n\t<\/div> <!-- END  wpb_column vc_column_container  -->\n[\/vc_row_inner]\n\t\t<\/div> <!-- END .wpb_wrapper -->\n\t<\/div> <!-- END  bg2 wpb_column vc_column_container  wow animated fadeInUp -->\n[\/vc_row][vc_row full_width=&#8221;stretch_row&#8221; content_placement=&#8221;middle&#8221; parallax=&#8221;content-moving&#8221; parallax_image=&#8221;7465&#8243; parallax_speed_bg=&#8221;1.3&#8243; m_bottom=&#8221;0&#8243; css=&#8221;.vc_custom_1723747264844{padding-top: 180px !important;padding-bottom: 180px !important;background-image: url(https:\/\/www.vamexico.com\/jb2\/wp-content\/uploads\/2024\/08\/bg-01.jpg?id=7089) !important;}&#8221;]\n\t<div class=\"vc_col-sm-4 wpb_column vc_column_container  wow animated fadeInUp vc_custom_1723747236024\"  data-wow-delay=\"0ms\" data-wow-iteration=\"1\" >\n\t\t<div class=\"wpb_wrapper\">\n\t\t\t[ivan_title title_tag=&#8221;h2&#8243; align=&#8221;left&#8221; animation_iteration=&#8221;1&#8243; c_id=&#8221;.vc_1723747211123&#8243; title_css=&#8221;color:#809b2b;&#8221;]ESTRATEGIA[\/ivan_title][vc_column_text]Impulso del conocimiento de la biodiversidad estatal e instrucci\u00f3n acerca de su importancia como patrimonio natural para apoyar el desarrollo humano integral en el estado de Quer\u00e9taro[\/vc_column_text]\n\t\t<\/div> <!-- END .wpb_wrapper -->\n\t<\/div> <!-- END  wpb_column vc_column_container  wow animated fadeInUp -->\n\n\t<div class=\"vc_col-sm-8 wpb_column vc_column_container \"  data-wow-delay=\"0ms\">\n\t\t<div class=\"wpb_wrapper\">\n\t\t\t\n\t\t<\/div> <!-- END .wpb_wrapper -->\n\t<\/div> <!-- END  wpb_column vc_column_container  -->\n[\/vc_row][vc_row full_width=&#8221;stretch_row&#8221; gap=&#8221;35&#8243; content_placement=&#8221;middle&#8221; m_bottom=&#8221;0&#8243; css=&#8221;.vc_custom_1723749555967{padding-top: 80px !important;padding-bottom: 0px !important;background-color: #f7f7f7 !important;}&#8221;]\n\t<div class=\"vc_col-sm-12 wpb_column vc_column_container  wow animated fadeInUp\"  data-wow-delay=\"0ms\" data-wow-iteration=\"1\" >\n\t\t<div class=\"wpb_wrapper\">\n\t\t\t[ivan_title animation_iteration=&#8221;1&#8243; c_id=&#8221;.vc_1723749386004&#8243; title_css=&#8221;color:#809b2b;&#8221;]POL\u00cdTICAS Y VALORES[\/ivan_title]\n\t\t<\/div> <!-- END .wpb_wrapper -->\n\t<\/div> <!-- END  wpb_column vc_column_container  wow animated fadeInUp -->\n[\/vc_row][vc_row full_width=&#8221;stretch_row&#8221; gap=&#8221;35&#8243; content_placement=&#8221;middle&#8221; m_bottom=&#8221;0&#8243; css=&#8221;.vc_custom_1723749611961{padding-top: 0px !important;padding-bottom: 80px !important;background-color: #f7f7f7 !important;}&#8221;]\n\t<div class=\"vc_col-sm-4 wpb_column vc_column_container  wow animated fadeInUp\"  data-wow-delay=\"0ms\" data-wow-iteration=\"1\" >\n\t\t<div class=\"wpb_wrapper\">\n\t\t\t[ivan_icon_box ico_family=&#8221;custom&#8221; icon_style=&#8221;normal&#8221; animation_iteration=&#8221;1&#8243; c_id=&#8221;.vc_1725582883266&#8243; main_css=&#8221;background-color:#ffffff;background-color-hover:#4e681c;padding-top:75px;padding-bottom:75px;padding-left:45px;padding-right:45px;&#8221; content_css=&#8221;font-size:16px;color-hover:#ffffff;&#8221; ico_image=&#8221;7484&#8243; el_class=&#8221;sombra-fichas&#8221;]Aportar al logro de las metas del Marco Mundial de Biodiversidad (GBF) y de los planes estrat\u00e9gicos complementarios nacionales como la <a href=\"https:\/\/bioteca.biodiversidad.gob.mx\/janium\/Documentos\/12890.pdf\" target=\"_blank\" rel=\"noopener\">ENBIOMEX<\/a> y la <a href=\"https:\/\/bioteca.biodiversidad.gob.mx\/janium\/Documentos\/7403.pdf\" target=\"_blank\" rel=\"noopener\">EMCV<\/a>.[\/ivan_icon_box]\n\t\t<\/div> <!-- END .wpb_wrapper -->\n\t<\/div> <!-- END  wpb_column vc_column_container  wow animated fadeInUp -->\n\n\t<div class=\"vc_col-sm-4 wpb_column vc_column_container  wow animated fadeInUp\"  data-wow-delay=\"0ms\" data-wow-iteration=\"1\" >\n\t\t<div class=\"wpb_wrapper\">\n\t\t\t[ivan_icon_box ico_family=&#8221;custom&#8221; icon_style=&#8221;normal&#8221; animation_iteration=&#8221;1&#8243; c_id=&#8221;.vc_1724195203869&#8243; main_css=&#8221;background-color:#ffffff;background-color-hover:#4e681c;padding-top:60px;padding-bottom:60px;padding-left:45px;padding-right:45px;&#8221; content_css=&#8221;font-size:16px;color-hover:#ffffff;&#8221; ico_image=&#8221;7491&#8243; el_class=&#8221;sombra-fichas&#8221;]Nuestro centro vertebral es el constante ejercicio y desarrollo de la horticultura y agronom\u00eda de las plantas nativas de Quer\u00e9taro para integrar colecciones ad hoc con su prop\u00f3sito.[\/ivan_icon_box]\n\t\t<\/div> <!-- END .wpb_wrapper -->\n\t<\/div> <!-- END  wpb_column vc_column_container  wow animated fadeInUp -->\n\n\t<div class=\"vc_col-sm-4 wpb_column vc_column_container  wow animated fadeInUp\"  data-wow-delay=\"0ms\" data-wow-iteration=\"1\" >\n\t\t<div class=\"wpb_wrapper\">\n\t\t\t[ivan_icon_box ico_family=&#8221;custom&#8221; icon_style=&#8221;normal&#8221; animation_iteration=&#8221;1&#8243; c_id=&#8221;.vc_1724195211102&#8243; main_css=&#8221;background-color:#ffffff;background-color-hover:#4e681c;padding-top:60px;padding-bottom:60px;padding-left:45px;padding-right:45px;&#8221; content_css=&#8221;font-size:16px;color-hover:#ffffff;&#8221; ico_image=&#8221;7482&#8243; el_class=&#8221;sombra-fichas&#8221;]Impulsamos a la comunidad a vivir en armon\u00eda con la naturaleza con base en el conocimiento biol\u00f3gico de su territorio, apuntalado con la integraci\u00f3n \u00faltima que la ciencia y la t\u00e9cnica proveen.[\/ivan_icon_box]\n\t\t<\/div> <!-- END .wpb_wrapper -->\n\t<\/div> <!-- END  wpb_column vc_column_container  wow animated fadeInUp -->\n[\/vc_row][vc_row full_width=&#8221;stretch_row&#8221; gap=&#8221;35&#8243; content_placement=&#8221;middle&#8221; m_bottom=&#8221;0&#8243; css=&#8221;.vc_custom_1725391416595{padding-top: 80px !important;padding-bottom: 0px !important;background-color: #eef2ee !important;}&#8221;]\n\t<div class=\"vc_col-sm-12 wpb_column vc_column_container  wow animated fadeInUp\"  data-wow-delay=\"0ms\" data-wow-iteration=\"1\" >\n\t\t<div class=\"wpb_wrapper\">\n\t\t\t[ivan_title animation_iteration=&#8221;1&#8243; c_id=&#8221;.vc_1723750140689&#8243; title_css=&#8221;color:#809b2b;&#8221;]MEMBRES\u00cdAS Y AFILIACIONES[\/ivan_title][vc_column_text]<\/p>\n<p style=\"text-align: center;\">El Jard\u00edn Bot\u00e1nico Regional de Cadereyta pertenece a redes y sistemas de conservaci\u00f3n de todos los niveles planetarios y funge como miembro consultivo del International Advisory Council (BGCI).<\/p>\n<p>&nbsp;<\/p>\n<p>[\/vc_column_text][vc_row_inner]\n\t<div class=\"vc_col-sm-12 wpb_column vc_column_container \"  data-wow-delay=\"0ms\">\n\t\t<div class=\"wpb_wrapper\">\n\t\t\t[vc_single_image image=&#8221;8645&#8243; img_size=&#8221;full&#8221; alignment=&#8221;center&#8221;]\n\t\t<\/div> <!-- END .wpb_wrapper -->\n\t<\/div> <!-- END  wpb_column vc_column_container  -->\n[\/vc_row_inner][vc_row_inner]\n\t<div class=\"vc_col-sm-12 wpb_column vc_column_container \"  data-wow-delay=\"0ms\">\n\t\t<div class=\"wpb_wrapper\">\n\t\t\t[vc_single_image image=&#8221;8647&#8243; img_size=&#8221;full&#8221; alignment=&#8221;center&#8221;]\n\t\t<\/div> <!-- END .wpb_wrapper -->\n\t<\/div> <!-- END  wpb_column vc_column_container  -->\n[\/vc_row_inner][vc_separator border_width=&#8221;2&#8243; css=&#8221;.vc_custom_1725392441080{margin-top: 80px !important;margin-bottom: 80px !important;}&#8221;][ivan_title animation_iteration=&#8221;1&#8243; c_id=&#8221;.vc_1724133979254&#8243; title_css=&#8221;color:#809b2b;&#8221;]CERTIFICACIONES Y DISTINCIONES[\/ivan_title][vc_single_image image=&#8221;8649&#8243; img_size=&#8221;full&#8221; alignment=&#8221;center&#8221;]\n\t\t<\/div> <!-- END .wpb_wrapper -->\n\t<\/div> <!-- END  wpb_column vc_column_container  wow animated fadeInUp -->\n[\/vc_row]<\/p>\n","protected":false},"excerpt":{"rendered":"<p>[vc_row full_width=&#8221;stretch_row&#8221; gap=&#8221;30&#8243; content_placement=&#8221;middle&#8221; m_bottom=&#8221;0&#8243; css=&#8221;.vc_custom_1722627577504{padding-top: 60px !important;padding-bottom: 60px !important;background: #4e681c url(https:\/\/www.vamexico.com\/jb2\/wp-content\/uploads\/2024\/08\/bg-03.png?id=7083) !important;}&#8221;][\/vc_row][vc_row full_width=&#8221;stretch_row&#8221; gap=&#8221;30&#8243; content_placement=&#8221;middle&#8221; m_bottom=&#8221;0&#8243; css=&#8221;.vc_custom_1724195057774{padding-top: 120px !important;padding-bottom: 60px !important;background-image: url(https:\/\/www.vamexico.com\/jb2\/wp-content\/uploads\/2024\/08\/pattern_02.webp?id=7797) !important;}&#8221;][\/vc_row][vc_row full_width=&#8221;stretch_row&#8221; gap=&#8221;30&#8243; content_placement=&#8221;middle&#8221; m_bottom=&#8221;0&#8243; css=&#8221;.vc_custom_1722628153566{padding-top: 120px !important;padding-bottom: 60px !important;background-color: #809b2b !important;}&#8221;][\/vc_row][vc_row full_width=&#8221;stretch_row_content_no_spaces&#8221; m_bottom=&#8221;0&#8243; css=&#8221;.vc_custom_1724195125230{background-image: url(https:\/\/www.vamexico.com\/jb2\/wp-content\/uploads\/2024\/08\/pattern_02.webp?id=7797) !important;}&#8221;][\/vc_row][vc_row full_width=&#8221;stretch_row&#8221; content_placement=&#8221;middle&#8221; parallax=&#8221;content-moving&#8221; parallax_image=&#8221;7465&#8243; parallax_speed_bg=&#8221;1.3&#8243; m_bottom=&#8221;0&#8243; css=&#8221;.vc_custom_1723747264844{padding-top: 180px !important;padding-bottom: 180px !important;background-image: url(https:\/\/www.vamexico.com\/jb2\/wp-content\/uploads\/2024\/08\/bg-01.jpg?id=7089) !important;}&#8221;][\/vc_row][vc_row full_width=&#8221;stretch_row&#8221; gap=&#8221;35&#8243; [&hellip;]<\/p>\n","protected":false},"author":1,"featured_media":0,"parent":0,"menu_order":0,"comment_status":"closed","ping_status":"closed","template":"","meta":{"_joinchat":[],"footnotes":""},"class_list":["post-7891","page","type-page","status-publish","hentry"],"_links":{"self":[{"href":"https:\/\/www.vamexico.com\/jb2\/wp-json\/wp\/v2\/pages\/7891","targetHints":{"allow":["GET"]}}],"collection":[{"href":"https:\/\/www.vamexico.com\/jb2\/wp-json\/wp\/v2\/pages"}],"about":[{"href":"https:\/\/www.vamexico.com\/jb2\/wp-json\/wp\/v2\/types\/page"}],"author":[{"embeddable":true,"href":"https:\/\/www.vamexico.com\/jb2\/wp-json\/wp\/v2\/users\/1"}],"replies":[{"embeddable":true,"href":"https:\/\/www.vamexico.com\/jb2\/wp-json\/wp\/v2\/comments?post=7891"}],"version-history":[{"count":11,"href":"https:\/\/www.vamexico.com\/jb2\/wp-json\/wp\/v2\/pages\/7891\/revisions"}],"predecessor-version":[{"id":9260,"href":"https:\/\/www.vamexico.com\/jb2\/wp-json\/wp\/v2\/pages\/7891\/revisions\/9260"}],"wp:attachment":[{"href":"https:\/\/www.vamexico.com\/jb2\/wp-json\/wp\/v2\/media?parent=7891"}],"curies":[{"name":"wp","href":"https:\/\/api.w.org\/{rel}","templated":true}]}}