{"id":7982,"date":"2024-08-20T15:56:22","date_gmt":"2024-08-20T21:56:22","guid":{"rendered":"https:\/\/www.vamexico.com\/jb2\/?page_id=7982"},"modified":"2024-09-05T16:25:45","modified_gmt":"2024-09-05T22:25:45","slug":"upps","status":"publish","type":"page","link":"https:\/\/www.vamexico.com\/jb2\/upps\/","title":{"rendered":"UPPS"},"content":{"rendered":"<p>[vc_row full_width=&#8221;stretch_row_content_no_spaces&#8221; m_bottom=&#8221;0&#8243; css=&#8221;.vc_custom_1724191331754{background-color: #f7f7f7 !important;}&#8221;]\n\t<div class=\"vc_col-sm-6 wpb_column vc_column_container  wow animated fadeInUp vc_custom_1725291648954\"  data-wow-delay=\"0ms\" data-wow-iteration=\"1\" >\n\t\t<div class=\"wpb_wrapper\">\n\t\t\t[ivan_title title_tag=&#8221;h1&#8243; align=&#8221;left&#8221; animation=&#8221;fadeInUp&#8221; animation_iteration=&#8221;1&#8243; c_id=&#8221;.vc_1724191646777&#8243; title_css=&#8221;color:#809b2b;&#8221;]Unidad de Propagaci\u00f3n de Plantas Silvestres (UPPS)[\/ivan_title][vc_column_text css_animation=&#8221;fadeInUp&#8221; c_id=&#8221;.vc_1491415416578&#8243;]<\/p>\n<p style=\"font-size: 16px; color: #808080; font-weight: 400; line-height: 28px;\">El <strong>Jard\u00edn Bot\u00e1nico Regional de Cadereyta<\/strong> tiene como centro vertebral de su actividad <strong>el constante ejercicio y desarrollo de la horticultura y agronom\u00eda de las plantas nativas de Quer\u00e9taro,<\/strong> para integrar y mantener colecciones bot\u00e1nicas ad hoc con su prop\u00f3sito y, muy sustantivamente, para apoyar la conservaci\u00f3n de las especies en su h\u00e1bitat:<\/p>\n<p>[\/vc_column_text][ivan_title title_tag=&#8221;h3&#8243; align=&#8221;left&#8221; animation=&#8221;fadeInUp&#8221; animation_iteration=&#8221;1&#8243; c_id=&#8221;.vc_1725575142339&#8243; title_css=&#8221;color:#809b2b;&#8221; subtitle_css=&#8221;margin-bottom:30px;&#8221;]\u00a1Propagar es conservar![\/ivan_title]\n\t\t<\/div> <!-- END .wpb_wrapper -->\n\t<\/div> <!-- END  wpb_column vc_column_container  wow animated fadeInUp -->\n\n\t<div class=\"vc_col-sm-6 wpb_column vc_column_container  wow animated fadeInUp vc_custom_1724191694484\"  data-wow-delay=\"100ms\" data-wow-iteration=\"1\" >\n\t\t<div class=\"wpb_wrapper\">\n\t\t\t[vc_row_inner]\n\t<div class=\"vc_col-sm-12 wpb_column vc_column_container \"  data-wow-delay=\"0ms\">\n\t\t<div class=\"wpb_wrapper\">\n\t\t\t[ivan_promo_box animation_iteration=&#8221;1&#8243; c_id=&#8221;.vc_1725575105860&#8243; header_css=&#8221;font-size:50px;&#8221; css=&#8221;.vc_custom_1725575105860{padding-top: 280px !important;padding-bottom: 280px !important;background: rgba(17,17,17,0.4) url(https:\/\/www.vamexico.com\/jb2\/wp-content\/uploads\/2024\/08\/jbrc-UPPS-img.jpg?id=7993) !important;background-position: center !important;background-repeat: no-repeat !important;background-size: cover !important;*background-color: rgb(17,17,17) !important;}&#8221;][\/ivan_promo_box]\n\t\t<\/div> <!-- END .wpb_wrapper -->\n\t<\/div> <!-- END  wpb_column vc_column_container  -->\n[\/vc_row_inner]\n\t\t<\/div> <!-- END .wpb_wrapper -->\n\t<\/div> <!-- END  wpb_column vc_column_container  wow animated fadeInUp -->\n[\/vc_row][vc_row full_width=&#8221;stretch_row&#8221; content_placement=&#8221;middle&#8221; parallax=&#8221;content-moving&#8221; parallax_image=&#8221;7999&#8243; parallax_speed_bg=&#8221;1.3&#8243; m_bottom=&#8221;0&#8243; css=&#8221;.vc_custom_1724192165421{padding-top: 180px !important;padding-bottom: 180px !important;background-image: url(https:\/\/www.vamexico.com\/jb2\/wp-content\/uploads\/2024\/08\/bg-01.jpg?id=7089) !important;}&#8221;]\n\t<div class=\"vc_col-sm-6 wpb_column vc_column_container  wow animated fadeInUp vc_custom_1724192175313\"  data-wow-delay=\"0ms\" data-wow-iteration=\"1\" >\n\t\t<div class=\"wpb_wrapper\">\n\t\t\t[ivan_title title_tag=&#8221;h5&#8243; align=&#8221;left&#8221; animation_iteration=&#8221;1&#8243; c_id=&#8221;.vc_1724192785624&#8243; title_css=&#8221;font-weight:600;color:#ffffff;margin-bottom:0px;&#8221;]Los invernaderos de la Unidad de Propagaci\u00f3n de Plantas Silvestres (UPPS) pueden ser vistos como \u201cf\u00e1bricas de plantas\u201d que ayudan a la educaci\u00f3n ambiental y conservacionista, ya que permiten poner a las especies nativas en \u201ccomunicaci\u00f3n\u201d con la gente de M\u00e9xico; este \u201cdi\u00e1logo\u201d crea conciencia de su importancia.[\/ivan_title]\n\t\t<\/div> <!-- END .wpb_wrapper -->\n\t<\/div> <!-- END  wpb_column vc_column_container  wow animated fadeInUp -->\n\n\t<div class=\"vc_col-sm-6 wpb_column vc_column_container \"  data-wow-delay=\"0ms\">\n\t\t<div class=\"wpb_wrapper\">\n\t\t\t\n\t\t<\/div> <!-- END .wpb_wrapper -->\n\t<\/div> <!-- END  wpb_column vc_column_container  -->\n[\/vc_row][vc_row full_width=&#8221;stretch_row_content_no_spaces&#8221; m_bottom=&#8221;0&#8243; css=&#8221;.vc_custom_1724192843751{background-color: #809b2b !important;}&#8221;]\n\t<div class=\"vc_col-sm-6 wpb_column vc_column_container  wow animated fadeInUp vc_custom_1724193046923\"  data-wow-delay=\"0ms\" data-wow-iteration=\"1\" >\n\t\t<div class=\"wpb_wrapper\">\n\t\t\t[vc_row_inner]\n\t<div class=\"vc_col-sm-12 wpb_column vc_column_container \"  data-wow-delay=\"0ms\">\n\t\t<div class=\"wpb_wrapper\">\n\t\t\t[ivan_promo_box animation_iteration=&#8221;1&#8243; c_id=&#8221;.vc_1725575089790&#8243; header_css=&#8221;font-size:50px;&#8221; css=&#8221;.vc_custom_1725575089790{padding-top: 280px !important;padding-bottom: 280px !important;background: rgba(17,17,17,0.4) url(https:\/\/www.vamexico.com\/jb2\/wp-content\/uploads\/2024\/08\/jbrc-UPPS-bg2.jpg?id=8011) !important;background-position: center !important;background-repeat: no-repeat !important;background-size: cover !important;*background-color: rgb(17,17,17) !important;}&#8221;][\/ivan_promo_box]\n\t\t<\/div> <!-- END .wpb_wrapper -->\n\t<\/div> <!-- END  wpb_column vc_column_container  -->\n[\/vc_row_inner]\n\t\t<\/div> <!-- END .wpb_wrapper -->\n\t<\/div> <!-- END  wpb_column vc_column_container  wow animated fadeInUp -->\n\n\t<div class=\"vc_col-sm-6 wpb_column vc_column_container  wow animated fadeInUp vc_custom_1725291675039\"  data-wow-delay=\"100ms\" data-wow-iteration=\"1\" >\n\t\t<div class=\"wpb_wrapper\">\n\t\t\t[vc_column_text css_animation=&#8221;fadeInUp&#8221; c_id=&#8221;.vc_1491415416578&#8243;]<\/p>\n<p style=\"font-size: 16px; color: #ffffff; font-weight: 400; line-height: 28px;\">Las plantas reproducidas <strong>pueden ser adoptadas por los visitantes<\/strong> con inter\u00e9s en coleccionarlas o instalarlas en sus \u00e1reas jardinadas, <strong>evitando que se recurra a la extracci\u00f3n en su medio ecol\u00f3gico.<\/strong><\/p>\n<p style=\"font-size: 16px; color: #ffffff; font-weight: 400; line-height: 28px;\">Esto <strong>ayuda a reducir la presi\u00f3n de colecta <\/strong>sobre las poblaciones silvestres nativas, misma que, desafortunadamente, es una pr\u00e1ctica frecuente e ilegal. Todo esto finca un modelo educativo y social en el que la responsabilidad es siempre mayor y el respeto a las especies y sus ecosistemas se consolida.<\/p>\n<p>[\/vc_column_text][ivan_title title_tag=&#8221;h3&#8243; align=&#8221;left&#8221; animation=&#8221;fadeInUp&#8221; animation_iteration=&#8221;1&#8243; c_id=&#8221;.vc_1724192929090&#8243; title_css=&#8221;color:#ffffff;&#8221; subtitle_css=&#8221;margin-bottom:30px;&#8221;]Podemos por eso decir que propagar es siempre conservar lo nuestro.[\/ivan_title]\n\t\t<\/div> <!-- END .wpb_wrapper -->\n\t<\/div> <!-- END  wpb_column vc_column_container  wow animated fadeInUp -->\n[\/vc_row][vc_row full_width=&#8221;stretch_row&#8221; gap=&#8221;35&#8243; content_placement=&#8221;middle&#8221; m_bottom=&#8221;0&#8243; css=&#8221;.vc_custom_1724193234849{padding-top: 90px !important;padding-bottom: 90px !important;background-color: #f7f7f7 !important;}&#8221;]\n\t<div class=\"vc_col-sm-2 wpb_column vc_column_container  wow animated fadeInUp\"  data-wow-delay=\"0ms\" data-wow-iteration=\"1\" >\n\t\t<div class=\"wpb_wrapper\">\n\t\t\t\n\t\t<\/div> <!-- END .wpb_wrapper -->\n\t<\/div> <!-- END  wpb_column vc_column_container  wow animated fadeInUp -->\n\n\t<div class=\"vc_col-sm-8 sombra-fichas wpb_column vc_column_container  vc_custom_1724194596978\"  data-wow-delay=\"0ms\" data-wow-iteration=\"1\" >\n\t\t<div class=\"wpb_wrapper\">\n\t\t\t[vc_row_inner]\n\t<div class=\"vc_col-sm-3 wpb_column vc_column_container \"  data-wow-delay=\"0ms\">\n\t\t<div class=\"wpb_wrapper\">\n\t\t\t[vc_single_image image=&#8221;8018&#8243; img_size=&#8221;120&#215;120&#8243; alignment=&#8221;right&#8221; css_animation=&#8221;fadeInUp&#8221;]\n\t\t<\/div> <!-- END .wpb_wrapper -->\n\t<\/div> <!-- END  wpb_column vc_column_container  -->\n\n\t<div class=\"vc_col-sm-9 wpb_column vc_column_container \"  data-wow-delay=\"0ms\">\n\t\t<div class=\"wpb_wrapper\">\n\t\t\t[vc_column_text css_animation=&#8221;fadeInUp&#8221; c_id=&#8221;.vc_1491415416578&#8243;]<\/p>\n<p style=\"font-size: 18px; color: #808080; font-weight: 400; line-height: 30px;\">T\u00e9cnicamente, <strong>la UPPS opera bajo procedimientos controlados <\/strong>que derivan en protocolos de reproducci\u00f3n efectivos. <strong>La superficie protegida<\/strong> (invernaderos y sombreaderos) supera los 1,500 m2.<\/p>\n<p>[\/vc_column_text]\n\t\t<\/div> <!-- END .wpb_wrapper -->\n\t<\/div> <!-- END  wpb_column vc_column_container  -->\n[\/vc_row_inner][vc_row_inner]\n\t<div class=\"vc_col-sm-3 wpb_column vc_column_container \"  data-wow-delay=\"0ms\">\n\t\t<div class=\"wpb_wrapper\">\n\t\t\t[vc_single_image image=&#8221;8027&#8243; img_size=&#8221;120&#215;120&#8243; alignment=&#8221;right&#8221; css_animation=&#8221;fadeInUp&#8221;]\n\t\t<\/div> <!-- END .wpb_wrapper -->\n\t<\/div> <!-- END  wpb_column vc_column_container  -->\n\n\t<div class=\"vc_col-sm-9 wpb_column vc_column_container \"  data-wow-delay=\"0ms\">\n\t\t<div class=\"wpb_wrapper\">\n\t\t\t[vc_column_text css_animation=&#8221;fadeInUp&#8221; c_id=&#8221;.vc_1491415416578&#8243;]<\/p>\n<p style=\"font-size: 18px; color: #808080; font-weight: 400; line-height: 30px;\">A la fecha, se han desarrollado, a trav\u00e9s de proyectos espec\u00edficos, v\u00edas para la introducci\u00f3n al cultivo de 170 especies de flora nativa, con especial enfoque en las familias bot\u00e1nicas propias del Semidesierto Queretano-Hidalguense que, por su estado de conservaci\u00f3n, utilidad econ\u00f3mica y potencial para restauraci\u00f3n ecol\u00f3gica resultan prioritarias.<\/p>\n<p>[\/vc_column_text]\n\t\t<\/div> <!-- END .wpb_wrapper -->\n\t<\/div> <!-- END  wpb_column vc_column_container  -->\n[\/vc_row_inner][vc_row_inner]\n\t<div class=\"vc_col-sm-3 wpb_column vc_column_container \"  data-wow-delay=\"0ms\">\n\t\t<div class=\"wpb_wrapper\">\n\t\t\t[vc_single_image image=&#8221;8026&#8243; img_size=&#8221;120&#215;120&#8243; alignment=&#8221;right&#8221; css_animation=&#8221;fadeInUp&#8221;]\n\t\t<\/div> <!-- END .wpb_wrapper -->\n\t<\/div> <!-- END  wpb_column vc_column_container  -->\n\n\t<div class=\"vc_col-sm-9 wpb_column vc_column_container \"  data-wow-delay=\"0ms\">\n\t\t<div class=\"wpb_wrapper\">\n\t\t\t[vc_column_text css_animation=&#8221;fadeInUp&#8221; c_id=&#8221;.vc_1491415416578&#8243;]<\/p>\n<p style=\"font-size: 18px; color: #808080; font-weight: 400; line-height: 30px;\"><strong>Nuestros m\u00e9todos de propagaci\u00f3n <\/strong>incluyen las v\u00edas sexuales (semilla), asexuales (esquejes) y la micropropagaci\u00f3n (in vitro).<\/p>\n<p>[\/vc_column_text]\n\t\t<\/div> <!-- END .wpb_wrapper -->\n\t<\/div> <!-- END  wpb_column vc_column_container  -->\n[\/vc_row_inner]\n\t\t<\/div> <!-- END .wpb_wrapper -->\n\t<\/div> <!-- END  sombra-fichas wpb_column vc_column_container  -->\n\n\t<div class=\"vc_col-sm-2 wpb_column vc_column_container \"  data-wow-delay=\"0ms\">\n\t\t<div class=\"wpb_wrapper\">\n\t\t\t\n\t\t<\/div> <!-- END .wpb_wrapper -->\n\t<\/div> <!-- END  wpb_column vc_column_container  -->\n[\/vc_row][vc_row full_width=&#8221;stretch_row_content_no_spaces&#8221; equal_height=&#8221;yes&#8221; content_placement=&#8221;middle&#8221;]\n\t<div class=\"vc_col-sm-3 wpb_column vc_column_container  wow animated fadeIn vc_custom_1725574721005\"  data-wow-delay=\"0ms\" data-wow-iteration=\"1\" >\n\t\t<div class=\"wpb_wrapper\">\n\t\t\t\n\t\t<\/div> <!-- END .wpb_wrapper -->\n\t<\/div> <!-- END  wpb_column vc_column_container  wow animated fadeIn -->\n\n\t<div class=\"vc_col-sm-3 wpb_column vc_column_container  wow animated fadeIn vc_custom_1724196096208\"  data-wow-delay=\"0ms\" data-wow-iteration=\"1\" >\n\t\t<div class=\"wpb_wrapper\">\n\t\t\t[vc_column_text css_animation=&#8221;fadeInUp&#8221; c_id=&#8221;.vc_1491415416578&#8243;]<\/p>\n<p style=\"font-size: 22px; color: #fff; font-weight: 400; line-height: 30px;\"><strong>El conocimiento generado se encuentra disponible para las comunidades locales<\/strong> por medio de asesor\u00edas, material impreso, conferencias, cursos o, incluso, proyecto de divulgaci\u00f3n ex profeso realizados.<\/p>\n<p>[\/vc_column_text]\n\t\t<\/div> <!-- END .wpb_wrapper -->\n\t<\/div> <!-- END  wpb_column vc_column_container  wow animated fadeIn -->\n\n\t<div class=\"vc_col-sm-6 bg-upps wpb_column vc_column_container  wow animated fadeIn vc_custom_1725575037391\"  data-wow-delay=\"0ms\" data-wow-iteration=\"1\" >\n\t\t<div class=\"wpb_wrapper\">\n\t\t\t\n\t\t<\/div> <!-- END .wpb_wrapper -->\n\t<\/div> <!-- END  bg-upps wpb_column vc_column_container  wow animated fadeIn -->\n[\/vc_row]<\/p>\n","protected":false},"excerpt":{"rendered":"<p>[vc_row full_width=&#8221;stretch_row_content_no_spaces&#8221; m_bottom=&#8221;0&#8243; css=&#8221;.vc_custom_1724191331754{background-color: #f7f7f7 !important;}&#8221;][\/vc_row][vc_row full_width=&#8221;stretch_row&#8221; content_placement=&#8221;middle&#8221; parallax=&#8221;content-moving&#8221; parallax_image=&#8221;7999&#8243; parallax_speed_bg=&#8221;1.3&#8243; m_bottom=&#8221;0&#8243; css=&#8221;.vc_custom_1724192165421{padding-top: 180px !important;padding-bottom: 180px !important;background-image: url(https:\/\/www.vamexico.com\/jb2\/wp-content\/uploads\/2024\/08\/bg-01.jpg?id=7089) !important;}&#8221;][\/vc_row][vc_row full_width=&#8221;stretch_row_content_no_spaces&#8221; m_bottom=&#8221;0&#8243; css=&#8221;.vc_custom_1724192843751{background-color: #809b2b !important;}&#8221;][\/vc_row][vc_row full_width=&#8221;stretch_row&#8221; gap=&#8221;35&#8243; content_placement=&#8221;middle&#8221; m_bottom=&#8221;0&#8243; css=&#8221;.vc_custom_1724193234849{padding-top: 90px !important;padding-bottom: 90px !important;background-color: #f7f7f7 !important;}&#8221;][\/vc_row][vc_row full_width=&#8221;stretch_row_content_no_spaces&#8221; equal_height=&#8221;yes&#8221; content_placement=&#8221;middle&#8221;][\/vc_row]<\/p>\n","protected":false},"author":1,"featured_media":0,"parent":0,"menu_order":0,"comment_status":"closed","ping_status":"closed","template":"","meta":{"_joinchat":[],"footnotes":""},"class_list":["post-7982","page","type-page","status-publish","hentry"],"_links":{"self":[{"href":"https:\/\/www.vamexico.com\/jb2\/wp-json\/wp\/v2\/pages\/7982","targetHints":{"allow":["GET"]}}],"collection":[{"href":"https:\/\/www.vamexico.com\/jb2\/wp-json\/wp\/v2\/pages"}],"about":[{"href":"https:\/\/www.vamexico.com\/jb2\/wp-json\/wp\/v2\/types\/page"}],"author":[{"embeddable":true,"href":"https:\/\/www.vamexico.com\/jb2\/wp-json\/wp\/v2\/users\/1"}],"replies":[{"embeddable":true,"href":"https:\/\/www.vamexico.com\/jb2\/wp-json\/wp\/v2\/comments?post=7982"}],"version-history":[{"count":11,"href":"https:\/\/www.vamexico.com\/jb2\/wp-json\/wp\/v2\/pages\/7982\/revisions"}],"predecessor-version":[{"id":8869,"href":"https:\/\/www.vamexico.com\/jb2\/wp-json\/wp\/v2\/pages\/7982\/revisions\/8869"}],"wp:attachment":[{"href":"https:\/\/www.vamexico.com\/jb2\/wp-json\/wp\/v2\/media?parent=7982"}],"curies":[{"name":"wp","href":"https:\/\/api.w.org\/{rel}","templated":true}]}}