{"id":8420,"date":"2024-09-01T09:32:23","date_gmt":"2024-09-01T15:32:23","guid":{"rendered":"https:\/\/www.vamexico.com\/jb2\/?page_id=8420"},"modified":"2024-09-12T16:37:36","modified_gmt":"2024-09-12T22:37:36","slug":"declaraciones-institucionales","status":"publish","type":"page","link":"https:\/\/www.vamexico.com\/jb2\/declaraciones-institucionales\/","title":{"rendered":"Declaraciones institucionales"},"content":{"rendered":"<p>[vc_section][vc_row full_width=&#8221;stretch_row_content_no_spaces&#8221; css=&#8221;.vc_custom_1724155416077{background-color: #eaeeef !important;}&#8221;]\n\t<div class=\"vc_col-sm-12 wpb_column vc_column_container  vc_custom_1724155302147\"  data-wow-delay=\"0ms\" data-wow-iteration=\"1\" >\n\t\t<div class=\"wpb_wrapper\">\n\t\t\t[vc_row_inner css=&#8221;.vc_custom_1724301312241{margin-top: 80px !important;margin-bottom: 80px !important;}&#8221;]\n\t<div class=\"vc_col-sm-2 wpb_column vc_column_container \"  data-wow-delay=\"0ms\">\n\t\t<div class=\"wpb_wrapper\">\n\t\t\t\n\t\t<\/div> <!-- END .wpb_wrapper -->\n\t<\/div> <!-- END  wpb_column vc_column_container  -->\n\n\t<div class=\"vc_col-sm-8 sombra-fichas wpb_column vc_column_container  vc_custom_1724301483712\"  data-wow-delay=\"0ms\">\n\t\t<div class=\"wpb_wrapper\">\n\t\t\t[vc_column_text css_animation=&#8221;fadeInUp&#8221; c_id=&#8221;.vc_1491415416578&#8243; css=&#8221;.vc_custom_1725204438673{margin-bottom: 0px !important;}&#8221;]<\/p>\n<h2 style=\"color: #80972b; text-align: center;\">JARD\u00cdN BOT\u00c1NICO REGIONAL DE CADEREYTA DEL CONSEJO DE CIENCIA Y TECNOLOG\u00cdA DEL ESTADO DE QUER\u00c9TARO<\/h2>\n<p>[\/vc_column_text][vc_separator border_width=&#8221;2&#8243;][vc_column_text css_animation=&#8221;fadeInUp&#8221; c_id=&#8221;.vc_1491415416578&#8243;]<\/p>\n<p style=\"font-size: 18px; color: #808080; font-weight: 400; line-height: 28px;\"><strong>INTRODUCCI\u00d3N<\/strong><\/p>\n<p style=\"font-size: 18px; color: #808080; font-weight: 400; line-height: 28px;\">El Jard\u00edn Bot\u00e1nico Regional de Cadereyta \u201cIng. Manuel Gonz\u00e1lez de Cos\u00edo\u201d, unidad administrativa del Consejo de Ciencia y Tecnolog\u00eda del Estado de Quer\u00e9taro, ha logrado en sus 34 a\u00f1os de existencia posicionarse como una instituci\u00f3n relevante para el estudio de la flora nativa del estado de Quer\u00e9taro, con importante presencia en todos los municipios queretanos en donde genera conocimiento pertinente para la conservaci\u00f3n, aprovechamiento sustentable y reparto equitativo de los bienes de la diversidad biol\u00f3gica. Concomitantemente, mejora la calidad y condiciones de vida de sus beneficiarios, a quienes tutela mediante programas educativos en varios niveles, que fomentan el aprecio de la vida vegetal, sustentado en el saber cient\u00edfico y en la utilizaci\u00f3n de tecnolog\u00edas inteligentes. Todo como baluarte para proteger nuestro patrimonio natural, difundiendo y divulgando valores de responsabilidad y conciencia social, que auguramos afirmar\u00e1n una unidad nacional que determinar\u00e1 el desarrollo humano integral deseado en prevalencia con la custodia de la naturaleza.<\/p>\n<p>&nbsp;<\/p>\n<p style=\"font-size: 18px; color: #808080; font-weight: 400; line-height: 28px;\"><strong>DECLARACIONES INSTITUCIONALES<\/strong><\/p>\n<p style=\"font-size: 18px; color: #808080; font-weight: 400; line-height: 28px;\">El Jard\u00edn Bot\u00e1nico Regional de Cadereyta aboga por el derecho colectivo a un ambiente sano, mediante su pensamiento y acciones que se basan en las siguientes declaraciones organizacionales:<\/p>\n<p style=\"font-size: 18px; color: #808080; font-weight: 400; line-height: 28px;\"><strong>Misi\u00f3n:<\/strong><\/p>\n<p style=\"font-size: 18px; color: #808080; font-weight: 400; line-height: 28px;\">Servir al desarrollo estatal mediante la generaci\u00f3n de un mayor conocimiento cient\u00edfico y conservaci\u00f3n de los recursos vegetales del estado de Quer\u00e9taro.<\/p>\n<p style=\"font-size: 18px; color: #808080; font-weight: 400; line-height: 28px;\"><strong>Visi\u00f3n 2027:<\/strong><\/p>\n<p style=\"font-size: 18px; color: #808080; font-weight: 400; line-height: 28px;\">Se han eliminado las restricciones cr\u00edticas para el desarrollo del Jard\u00edn Bot\u00e1nico Regional de Cadereyta e iniciado una consolidaci\u00f3n profunda que permite sentar bases firmes para generar conocimiento cient\u00edfico de la flora del estado de Quer\u00e9taro y transmitirlo con efectividad a toda la poblaci\u00f3n como elemento para su desarrollo integral, propiciando la conexi\u00f3n de la sociedad con el ambiente y el auspicio a las acciones de esta instituci\u00f3n.<\/p>\n<p style=\"font-size: 18px; color: #808080; font-weight: 400; line-height: 28px;\"><strong>Visi\u00f3n 2030:<\/strong><\/p>\n<p style=\"font-size: 18px; color: #808080; font-weight: 400; line-height: 28px;\">El Jard\u00edn Bot\u00e1nico Regional de Cadereyta ha contribuido definitivamente a generar conocimiento cient\u00edfico de la flora local y a transmitirlo con efectividad a toda la comunidad, de tal manera que mediante sus acciones propias y las realizadas mediante alianzas estrat\u00e9gicas con otros institutos nacionales e internacionales, los recursos vegetales nativos constituyen indudablemente un capital natural que es conservado y aprovechado en beneficio de la amenidad y el bienestar de la gente en cada uno de los 18 municipios de esta entidad federativa. Las amenazas inminentes para la sobrevivencia de las plantas en riesgo de extinci\u00f3n han desaparecido o se tienen bajo control; los procedimientos de restauraci\u00f3n ecol\u00f3gica se instrumentan rutinariamente garantizando la conservaci\u00f3n de los ecosistemas m\u00e1s representativos y se practican en extensi\u00f3n suficiente para equilibrar los impactos del desarrollo urbano y agr\u00edcola intensivo. El aprovechamiento de la flora es integral, con una \u00f3ptima diversificaci\u00f3n del uso, siempre a nivel sustentable, insertando los productos de las comunidades en mercados gobernados por los principios de la justicia ambiental y el reparto justo y equitativo de los bienes de la diversidad biol\u00f3gica. La educaci\u00f3n ambiental es permanente y ha logrado concienciar a los individuos fortaleciendo normas de valor que reducen el consumismo y maximizan el altruismo, produciendo seres humanos emp\u00e1ticos con sus cong\u00e9neres y con el resto de las especies, a las cuales custodian en favor de la estabilidad planetaria y para la perpetuaci\u00f3n del patrimonio que la naturaleza representa.<\/p>\n<p style=\"font-size: 18px; color: #808080; font-weight: 400; line-height: 28px;\"><strong>Pol\u00edticas<\/strong><\/p>\n<p style=\"font-size: 18px; color: #808080; font-weight: 400; line-height: 28px;\">El Jard\u00edn Bot\u00e1nico Regional de Cadereyta \u201cIng. Manuel Gonz\u00e1lez de Cos\u00edo\u201d declara que el cuidado de la flora local es indispensable para mantener la estabilidad ecol\u00f3gica que permiten la vida del planeta y la existencia actual y futura de las poblaciones humanas.<br \/>\nPromover\u00e1 principalmente el cuidado de los recursos biol\u00f3gicos de M\u00e9xico y de manera especial los del estado de Quer\u00e9taro, con \u00e9nfasis en la zona del semidesierto.<br \/>\nConsidera prioritarias a familias bot\u00e1nicas como la familia Agavaceae, Cactaceae, Crassulaceae, Fabaceae, Fagaceae, los \u00e1rboles y arbustos nativos, y otras familias de las propias de su geograf\u00eda inmediata, con particular \u00e9nfasis en aquellas que est\u00e1n en riesgo de extinci\u00f3n por causas humanas y que son end\u00e9micas o prioritarias para la conservaci\u00f3n y restauraci\u00f3n ecol\u00f3gica de nuestra entidad federativa.<br \/>\nEs una instituci\u00f3n cient\u00edfica y promotora de la ciencia, parte del Consejo Estatal de Ciencia y Tecnolog\u00eda del Estado de Quer\u00e9taro (CONCYTEQ), su primera directriz conceptual y metodol\u00f3gica es el estudio de los recursos vegetales de manera formal.<br \/>\nTiene como centro vertebral de su actividad el constante ejercicio y desarrollo de la horticultura y agronom\u00eda de las plantas nativas de Quer\u00e9taro, para integrar colecciones bot\u00e1nicas ad hoc con su prop\u00f3sito, mantenerlas correctamente e incluso procurar la restauraci\u00f3n funcional de la vegetaci\u00f3n<em> in situ<\/em> y <em>ex situ.<\/em><br \/>\nMantiene la pol\u00edtica de vincular al m\u00e1ximo a la sociedad con la naturaleza, mediante la educaci\u00f3n ambiental, el arte y la cultura, con las que se ense\u00f1a la importancia ecol\u00f3gica y econ\u00f3mica de los recursos vegetales del estado; as\u00ed como por el constante asesoramiento gratuito a la comunidad y a trav\u00e9s del desarrollo de modelos y pr\u00e1cticas para el aprovechamiento de la flora nativa aut\u00f3ctona.<br \/>\nProcura la conservaci\u00f3n biol\u00f3gica de las especies con la participaci\u00f3n de las comunidades locales.<br \/>\nEst\u00e1 interesado y activo en coadyuvar a la mejora del marco legal e institucional relacionado con la conservaci\u00f3n vegetal en M\u00e9xico; y, de igual manera, a la mejora en el manejo de la flora nativa y las pr\u00e1cticas de conservaci\u00f3n de todos los recursos bi\u00f3ticos como bienes nacionales. Por ello, interact\u00faa con las instancias competentes proponiendo respetuosamente el perfeccionamiento de los instrumentos legales y t\u00e9cnicos, para avanzar hacia el mayor orden y al cumplimiento del derecho y la praxis de los principios t\u00e9cnicos positivos.<br \/>\nEs parte de los circuitos, nacionales y extranjeros, de la conservaci\u00f3n biol\u00f3gica mediante los jardines bot\u00e1nicos. El Jard\u00edn Bot\u00e1nico Regional de Cadereyta \u201cIng. Manuel Gonz\u00e1lez de Cos\u00edo\u201d tiene tambi\u00e9n como pol\u00edtica el aportar al cumplimiento de la \u201cEstrategia Global para la Conservaci\u00f3n Vegetal\u201d y su subsidiaria la \u201cEstrategia Mexicana para la Conservaci\u00f3n Vegetal\u201d; as\u00ed como al Marco Mundial de Biodiversidad Kunming-Montreal.<\/p>\n<p style=\"font-size: 18px; color: #808080; font-weight: 400; line-height: 28px;\"><strong>Valores<\/strong><\/p>\n<p style=\"font-size: 18px; color: #808080; font-weight: 400; line-height: 28px;\">Adem\u00e1s de adoptar los valores humanos y organizacionales propios del Consejo de Ciencia y Tecnolog\u00eda del Estado de Quer\u00e9taro, y los establecidos en el Plan Estatal de Desarrollo, para el buen gobierno de Quer\u00e9taro, se suscriben los siguientes espec\u00edficamente en relaci\u00f3n con la materia de trabajo:<br \/>\nSabidur\u00eda y prudencia en el uso de la diversidad biol\u00f3gica del estado, empleando el criterio y enfoque precautorio, junto con el paradigma de la austeridad para favorecer su conservaci\u00f3n a perpetuidad.<br \/>\nLa ponderaci\u00f3n de la naturaleza como infraestructura natural y soporte espiritual para el desarrollo humano integral.<br \/>\nEl manejo tecnol\u00f3gico de los recursos bi\u00f3ticos con las mejores pr\u00e1cticas disponibles para evitar su deterioro o extinci\u00f3n.<br \/>\nLa justicia y equidad en la asignaci\u00f3n a los actores sociales de sendas responsabilidades para con el ambiente y en el reparto de sus beneficios tangibles e intangibles, haciendo que siempre prevalezca el inter\u00e9s colectivo sobre el individual.<\/p>\n<p>&nbsp;<\/p>\n<p style=\"font-size: 18px; color: #808080; font-weight: 400; line-height: 28px;\"><strong>DIAGN\u00d3STICO<\/strong><\/p>\n<p style=\"font-size: 18px; color: #808080; font-weight: 400; line-height: 28px;\">Los problemas ambientales globales, como son el cambio clim\u00e1tico y la p\u00e9rdida de la biodiversidad, afectan a nuestro estado de Quer\u00e9taro y son, a su vez, influidos por el impacto causado por el crecimiento y actividades de la poblaci\u00f3n. Se convierten, de manera cada vez m\u00e1s determinante, en limitantes para el desarrollo humano integral y se constituyen como factores cruciales para la continuidad de la vida digna y plena.<br \/>\nLa Comisi\u00f3n Nacional para el Conocimiento y Uso de la Biodiversidad (CONABIO) estima que los costos monetarios del deterioro ambiental en M\u00e9xico tienen un valor anual de entre el 7 y el 10.6% del PIB (1996-2010). El costo de estas transacciones ecol\u00f3gicas en Quer\u00e9taro no ha sido contabilizado, pero seguramente significa una causa ra\u00edz creciente que limita el bienestar, pone en riesgo el desarrollo de las ciudades, las actividades productivas y encarna finalmente en pobreza y en ciclos recurrentes de destrucci\u00f3n.<br \/>\nLa d\u00e9bil valoraci\u00f3n y la falta de continuidad en el prop\u00f3sito de aprovechar la biodiversidad y los recursos naturales de Quer\u00e9taro, ponen en riesgo este capital natural e infraestructural limitando los bienes y servicios que podr\u00edan impulsar m\u00e1s el desarrollo social y econ\u00f3mico en los 18 municipios de la entidad.<br \/>\nLa flora es particularmente un recurso diverso y abundante. Nuestro estado alberga una variedad de flora que podr\u00eda superar las 4,000 especies, en un territorio de apenas el 0.6% del pa\u00eds. Esto significa entre el 13-18% de la flora vascular de M\u00e9xico. Se sabe que en M\u00e9xico hasta un 23% de la flora tiene alg\u00fan uso conocido, sin embargo, toda la flora tiene un valor ecol\u00f3gico o econ\u00f3mico. Desgraciadamente, aun considerando que son pocos los grupos bot\u00e1nicos evaluados, se sabe que Quer\u00e9taro tiene al menos 60 especies en riesgo de extinci\u00f3n de acuerdo con la Norma Oficial Mexicana NOM-059-SEMARNAT-2010.<br \/>\nEl conocimiento y la apropiaci\u00f3n de la cultura necesaria por parte de los queretanos, para garantizar la conservaci\u00f3n de la flora nativa no est\u00e1n suficientemente desarrollados ni arraigados en las conciencias individuales y colectivas. Existe una importante oportunidad para avanzar a un Quer\u00e9taro m\u00e1s humano y pr\u00f3spero, si se incorpora todav\u00eda m\u00e1s el cuidado de la biota para mejor sustentar los sistemas productivos.<br \/>\nEl Jard\u00edn Bot\u00e1nico Regional de Cadereyta, inaugurado el 25 de abril de 1991, es una instituci\u00f3n pionera que realiza esfuerzos constantes para abordar la problem\u00e1tica antes delineada, y que, en los \u00faltimos 20 a\u00f1os, despu\u00e9s de un redise\u00f1o, se ha convertido un referente para la conservaci\u00f3n de la flora de Quer\u00e9taro.<br \/>\nSu funcionalidad y actual posicionamiento se basa en las fortalezas logradas a partir de un esfuerzo sostenido que ha cultivado la necesidad creciente de la poblaci\u00f3n, especialmente la urbana, por conocer mejor y entender la biota, asistiendo a este espacio natural por variadas razones. No obstante, a pesar de lo ya logrado, la instituci\u00f3n es creyente de los principios del trabajo perseverante y reconoce sus puntos \u00e1lgidos, est\u00e1 dispuesta a continuar con los cambios requeridos en el \u00e1rea de trabajo para mantener lo ya hecho, afianzar la mejora continua y con el apoyo de la alta direcci\u00f3n, innovar y progresar a otros estadios.<br \/>\nDerivado entonces del anterior diagn\u00f3stico y an\u00e1lisis, es posible concluir que la conservaci\u00f3n de la biodiversidad vegetal es un gran reto social y una oportunidad para el desarrollo integral de los m\u00e1s de 2 millones de habitantes que ya tiene nuestro estado; y adem\u00e1s, la diversidad biol\u00f3gica es un recurso potencialmente capitalizable para avanzar hacia un horizonte m\u00e1s pr\u00f3spero y humano en donde pueblo y gobierno construyamos un proyecto bi\u00f3filo com\u00fan para Quer\u00e9taro. El Jard\u00edn Bot\u00e1nico Regional de Cadereyta del Consejo de Ciencia y Tecnolog\u00eda del Estado de Quer\u00e9taro es pieza clave en esta iniciativa.<\/p>\n<p>&nbsp;<\/p>\n<p style=\"font-size: 18px; color: #808080; font-weight: 400; line-height: 28px;\"><strong>OBJETIVO GENERAL DE GOBIERNO<\/strong><\/p>\n<p style=\"font-size: 18px; color: #808080; font-weight: 400; line-height: 28px;\">Promover y aumentar el derecho efectivo de los queretanos a un medio ambiente sano, mediante el estudio cient\u00edfico de la diversidad biol\u00f3gica vegetal, con aportaciones t\u00e9cnicas para su manejo sustentable y el fomento de una cultura social responsable para su conservaci\u00f3n entre toda la poblaci\u00f3n de los municipios de Quer\u00e9taro.<\/p>\n<p>&nbsp;<\/p>\n<p style=\"font-size: 18px; color: #808080; font-weight: 400; line-height: 28px;\"><strong>OBJETIVOS ESPEC\u00cdFICOS<\/strong><\/p>\n<p style=\"font-size: 18px; color: #808080; font-weight: 400; line-height: 28px;\">1 Contribuir a un mayor conocimiento cient\u00edfico y a la conservaci\u00f3n efectiva de los recursos vegetales del estado para su aprovechamiento integral.<br \/>\n2 Ense\u00f1ar la importancia ecol\u00f3gica, econ\u00f3mica y cultural de los recursos vegetales del estado.<br \/>\n3 Mantener la colecci\u00f3n del Jard\u00edn Bot\u00e1nico Regional de Cadereyta y, en el mediano plazo, crecerla o integrar nuevas colecciones de flora nativa en otros sitios de la entidad donde sea factible y su impacto lo amerite.<\/p>\n<p>&nbsp;<\/p>\n<p style=\"font-size: 18px; color: #808080; font-weight: 400; line-height: 28px;\"><strong>ESTRATEGIA<\/strong><\/p>\n<p style=\"font-size: 18px; color: #808080; font-weight: 400; line-height: 28px;\">Impulso del conocimiento de la biodiversidad estatal e instrucci\u00f3n acerca de su importancia como patrimonio natural para apoyar el desarrollo humano integral en el estado de Quer\u00e9taro.<\/p>\n<p>&nbsp;<\/p>\n<p style=\"font-size: 18px; color: #808080; font-weight: 400; line-height: 28px;\"><strong>L\u00cdNEAS DE ACCI\u00d3N<\/strong><\/p>\n<p style=\"font-size: 18px; color: #808080; font-weight: 400; line-height: 28px;\">L\u00ednea de acci\u00f3n 1: Conocer el estado de conservaci\u00f3n de las especies y la vegetaci\u00f3n para documentarlo, priorizar lo que requiera atenci\u00f3n y promover medidas de protecci\u00f3n legal.<br \/>\nL\u00ednea de acci\u00f3n 2: Conducir proyectos de investigaci\u00f3n pertinentes para contribuir al conocimiento cient\u00edfico y conservaci\u00f3n de la Biodiversidad.<br \/>\nL\u00ednea de acci\u00f3n 3: Desarrollar proyectos de propagaci\u00f3n e instrumentar procesos para la reproducci\u00f3n de las plantas silvestres nativas que lo ameriten por su estado de conservaci\u00f3n, utilidad econ\u00f3mica y para fines de restauraci\u00f3n.<br \/>\nL\u00ednea de acci\u00f3n 4: Dise\u00f1ar e instrumentar estrategias, modelos y pr\u00e1cticas id\u00f3neas para el aprovechamiento, conservaci\u00f3n y restauraci\u00f3n de la diversidad vegetal.<br \/>\nL\u00ednea de acci\u00f3n 5: Divulgar y difundir el conocimiento sobre la biodiversidad.<br \/>\nL\u00ednea de acci\u00f3n 6: Vincular a la gente con las plantas para acendrar la responsabilidad social por el bien com\u00fan.<br \/>\nL\u00ednea de acci\u00f3n 7: Optimizar los recursos materiales y humanos de la instituci\u00f3n para garantizar las mejores y m\u00e1s efectivas acciones en el debido espacio de competencias y responsabilidades.<\/p>\n<p>&nbsp;<\/p>\n<p style=\"font-size: 18px; color: #808080; font-weight: 400; line-height: 28px;\"><strong>MARCO JUR\u00cdDICO Y NORMATIVO PARA LA CONSERVACI\u00d3N DE LA DIVERSIDAD VEGETAL<\/strong><\/p>\n<p style=\"font-size: 18px; color: #808080; font-weight: 400; line-height: 28px;\">Es importante considerar que en todo plan estrat\u00e9gico los principios jur\u00eddicos, nacionales e internacionales, son un reflejo de los m\u00e1s altos ideales a los cuales un grupo social se acoge para procurar el cumplimiento de los derechos universales de hombre; el Jard\u00edn Bot\u00e1nico Regional de Cadereyta del Consejo de Ciencia y Tecnolog\u00eda del Estado de Quer\u00e9taro se acoge a una serie de importantes instrumentos legales en el tema de diversidad vegetal que respaldan su actuar y son gu\u00eda permanente para sus actividades. La participaci\u00f3n activa de nuestra instituci\u00f3n en diversas actividades relacionadas con dichos ordenamientos, manifiestan el inter\u00e9s y liderazgo en una materia que sabemos es fundamental y proponemos que es raz\u00f3n esencial para que se siga trabajando en la existencia y crecimiento de este sitio. Todo esto aporta al derecho a un ambiente sano y a una poblaci\u00f3n que se beneficia de ello.<\/p>\n<p>&nbsp;<\/p>\n<p style=\"font-size: 18px; color: #808080; font-weight: 400; line-height: 28px;\"><strong>REFERENCIAS<\/strong><\/p>\n<p style=\"font-size: 18px; color: #808080; font-weight: 400; line-height: 28px;\">Caballero, J. (Coord.). 2012. Jardines bot\u00e1nicos: contribuci\u00f3n a la conservaci\u00f3n vegetal de M\u00e9xico. Comisi\u00f3n Nacional para el Conocimiento y Uso de la Biodiversidad. M\u00e9xico. 183 p.<br \/>\nComisi\u00f3n Nacional para el Conocimiento y Uso de la Biodiversidad. 2012. Estrategia Mexicana para la Conservaci\u00f3n Vegetal 2012-2030. Comisi\u00f3n Nacional para el Conocimiento Uso de la Biodiversidad. M\u00e9xico. 94 p.<br \/>\nConvenio sobre la Diversidad Biol\u00f3gica. 2015. Perspectiva Mundial sobre Diversidad Biol\u00f3gica 4. Resumen y Conclusiones. Convenio sobre la Diversidad Biol\u00f3gica. Programa de las Naciones Unidas sobre Medio Ambiente. Organizaci\u00f3n de las Naciones Unidas. Montreal, Qu\u00e9bec, Canad\u00e1. 17 p.<br \/>\nEternod, A. 2003. Gu\u00eda de Especies Queretanas en Estatus de Conservaci\u00f3n. Secretar\u00eda de Desarrollo Sustentable. Programa de Educaci\u00f3n Ambiental para la Conservaci\u00f3n. Gobierno del Estado de Quer\u00e9taro. Quer\u00e9taro. 24 p.<br \/>\nGobierno del Estado de Quer\u00e9taro.2021. C\u00f3digo Ambiental de Estado de Quer\u00e9taro. Quer\u00e9taro. 181 p.<br \/>\nImai, M. 2012. Gemba Kaizen. A common sense approach to a continuous improvement strategy. MacGraw Hill. 2nd. Edition. USA. 426 p.<br \/>\nKoleff, P. y T. Urquiza-Haas (Coords.). 2001. Planeaci\u00f3n para la conservaci\u00f3n de la biodiversidad terrestre en M\u00e9xico: retos en un pa\u00eds megadiverso. Comisi\u00f3n Nacional para el Conocimiento y Uso de la Biodiversidad. Comisi\u00f3n Nacional de \u00c1reas Naturales Protegidas. M\u00e9xico. 244 p.<br \/>\nS\u00e1nchez, E. y E. V\u00e1zquez. 2008. Fortalezas y Oportunidades del Jard\u00edn Bot\u00e1nico. Planeaci\u00f3n del Jard\u00edn Bot\u00e1nico Regional de Cadereyta. Consejo de Ciencia y Tecnolog\u00eda del Estado de Quer\u00e9taro. Documento Interno. 28 p.<br \/>\nS\u00e1nchez, E. y L. Sanaphre. 2009. Jard\u00edn Bot\u00e1nico de Cadereyta \u201cIng. Manuel Gonz\u00e1lez de Cos\u00edo\u201d. Plan Integral de Manejo. Consejo de Ciencia y Tecnolog\u00eda del Estado de Quer\u00e9taro. 52 p.<br \/>\nSarukh\u00e1n, J. et al. 2012. Capital Natural de M\u00e9xico. Acciones estrat\u00e9gicas para su valoraci\u00f3n, preservaci\u00f3n y recuperaci\u00f3n. Comisi\u00f3n Nacional para el Conocimiento y Uso de la Biodiversidad. M\u00e9xico. 91 p.<br \/>\nSharrock, S., S. Oldfield and O. Wilson. 2014. Plant Conservation Report 2014: A review of progress in implementation of the Global Strategy for Plant Conservation 2011-2020. Secretariat of the Convention on Biological Diversity. Montr\u00e9al, Canada and Botanic Gardens Conservation International. Richmond, U. K. Technical Series No. 81. 56 p.<br \/>\nSharrock, S. 2020. Plant Conservation Report: A review of progress in implementation of the Global Strategy for Plant Conservation 2011-2020. Secretariat of the Convention on Biological Biodiversity. Montr\u00e9al, Canada and Botanic Gardens Conservation International. Richmond, U.K. Technical Series No. 95. 68 p.<\/p>\n<p style=\"font-size: 18px; color: #808080; font-weight: 400; line-height: 28px;\">\u00a9Jard\u00edn Bot\u00e1nico Regional de Cadereyta, 2022.<br \/>\nConsejo de Ciencia y Tecnolog\u00eda del Estado de Quer\u00e9taro.<br \/>\nAutor\u00eda: Emiliano S\u00e1nchez Mart\u00ednez, Director del Jard\u00edn Bot\u00e1nico<br \/>\nRegional de Cadereyta (CONCYTEQ).<\/p>\n<p>[\/vc_column_text]\n\t\t<\/div> <!-- END .wpb_wrapper -->\n\t<\/div> <!-- END  sombra-fichas wpb_column vc_column_container  -->\n\n\t<div class=\"vc_col-sm-2 wpb_column vc_column_container \"  data-wow-delay=\"0ms\">\n\t\t<div class=\"wpb_wrapper\">\n\t\t\t\n\t\t<\/div> <!-- END .wpb_wrapper -->\n\t<\/div> <!-- END  wpb_column vc_column_container  -->\n[\/vc_row_inner]\n\t\t<\/div> <!-- END .wpb_wrapper -->\n\t<\/div> <!-- END  wpb_column vc_column_container  -->\n[\/vc_row][\/vc_section]<\/p>\n","protected":false},"excerpt":{"rendered":"<p>[vc_section][vc_row full_width=&#8221;stretch_row_content_no_spaces&#8221; css=&#8221;.vc_custom_1724155416077{background-color: #eaeeef !important;}&#8221;][\/vc_row][\/vc_section]<\/p>\n","protected":false},"author":1,"featured_media":0,"parent":0,"menu_order":0,"comment_status":"closed","ping_status":"closed","template":"","meta":{"_joinchat":[],"footnotes":""},"class_list":["post-8420","page","type-page","status-publish","hentry"],"_links":{"self":[{"href":"https:\/\/www.vamexico.com\/jb2\/wp-json\/wp\/v2\/pages\/8420","targetHints":{"allow":["GET"]}}],"collection":[{"href":"https:\/\/www.vamexico.com\/jb2\/wp-json\/wp\/v2\/pages"}],"about":[{"href":"https:\/\/www.vamexico.com\/jb2\/wp-json\/wp\/v2\/types\/page"}],"author":[{"embeddable":true,"href":"https:\/\/www.vamexico.com\/jb2\/wp-json\/wp\/v2\/users\/1"}],"replies":[{"embeddable":true,"href":"https:\/\/www.vamexico.com\/jb2\/wp-json\/wp\/v2\/comments?post=8420"}],"version-history":[{"count":7,"href":"https:\/\/www.vamexico.com\/jb2\/wp-json\/wp\/v2\/pages\/8420\/revisions"}],"predecessor-version":[{"id":9298,"href":"https:\/\/www.vamexico.com\/jb2\/wp-json\/wp\/v2\/pages\/8420\/revisions\/9298"}],"wp:attachment":[{"href":"https:\/\/www.vamexico.com\/jb2\/wp-json\/wp\/v2\/media?parent=8420"}],"curies":[{"name":"wp","href":"https:\/\/api.w.org\/{rel}","templated":true}]}}